{"id":383,"date":"2018-07-12T04:15:11","date_gmt":"2018-07-12T01:15:11","guid":{"rendered":"https:\/\/dirisukilisesi.org\/?page_id=383"},"modified":"2018-10-17T23:04:54","modified_gmt":"2018-10-17T20:04:54","slug":"gorsel-vaazlar","status":"publish","type":"page","link":"https:\/\/dirisukilisesi.org\/index.php\/gorsel-vaazlar\/","title":{"rendered":"G\u00f6rsel Vaazlar"},"content":{"rendered":"<div  id=\"avia-magazine-1\"  class='av-magazine av-jkufoyg8-e75ecc4e3789434a44fc6439e08b14cb av-magazine-top-bar-active av-magazine-tabs-active  avia-builder-el-0  avia-builder-el-no-sibling   avia-builder-el-0  avia-builder-el-no-sibling ' ><div class='av-magazine-top-bar '><\/div><div class='av-magazine-group sort_all'><article class='av-magazine-entry av-magazine-entry-id-7253 av-magazine-format-standard av-magazine-type-post av-magazine-entry-1 av-magazine-entry-small '  itemscope=\"itemscope\" itemtype=\"https:\/\/schema.org\/CreativeWork\" ><div class=\"av-magazine-thumbnail\"><a href='https:\/\/dirisukilisesi.org\/index.php\/2020\/03\/15\/ne-mutludur-rabbe-guvenen-insana\/' title='\u015euraya linkle:  Ne Mutludur Rab&#8217;be G\u00fcvenen \u0130nsana' class='av-magazine-thumbnail-link'><img decoding=\"async\" width=\"80\" height=\"80\" src=\"https:\/\/dirisukilisesi.org\/wp-content\/uploads\/2020\/03\/AdemVaaz48-80x80.jpg\" class=\"wp-image-7256 avia-img-lazy-loading-not-7256 attachment-thumbnail size-thumbnail wp-post-image\" alt=\"\" srcset=\"https:\/\/dirisukilisesi.org\/wp-content\/uploads\/2020\/03\/AdemVaaz48-80x80.jpg 80w, https:\/\/dirisukilisesi.org\/wp-content\/uploads\/2020\/03\/AdemVaaz48-36x36.jpg 36w, https:\/\/dirisukilisesi.org\/wp-content\/uploads\/2020\/03\/AdemVaaz48-180x180.jpg 180w\" sizes=\"(max-width: 80px) 100vw, 80px\" \/><\/a><\/div><div class=\"av-magazine-content-wrap\"><header class=\"entry-content-header\"><time class='av-magazine-time updated'  itemprop=\"datePublished\" datetime=\"2020-03-15T16:38:24+03:00\" >15 Mart 2020<\/time><h3 class='av-magazine-title entry-title '  itemprop=\"headline\" ><a href='https:\/\/dirisukilisesi.org\/index.php\/2020\/03\/15\/ne-mutludur-rabbe-guvenen-insana\/' title='\u015euraya linkle:  Ne Mutludur Rab&#8217;be G\u00fcvenen \u0130nsana'>Ne Mutludur Rab&#8217;be G\u00fcvenen \u0130nsana<\/a><\/h3><\/header><\/div><footer class=\"entry-footer\"><\/footer><\/article><article class='av-magazine-entry av-magazine-entry-id-7249 av-magazine-format-standard av-magazine-type-post av-magazine-entry-2 av-magazine-entry-small '  itemscope=\"itemscope\" itemtype=\"https:\/\/schema.org\/CreativeWork\" ><div class=\"av-magazine-thumbnail\"><a href='https:\/\/dirisukilisesi.org\/index.php\/2020\/03\/08\/tanri-sozuyle-buyumek\/' title='\u015euraya linkle:  Tanr\u0131 S\u00f6z\u00fcyle B\u00fcy\u00fcmek' class='av-magazine-thumbnail-link'><img decoding=\"async\" width=\"80\" height=\"80\" src=\"https:\/\/dirisukilisesi.org\/wp-content\/uploads\/2020\/03\/BedriVaaz59-80x80.jpg\" class=\"wp-image-7252 avia-img-lazy-loading-not-7252 attachment-thumbnail size-thumbnail wp-post-image\" alt=\"\" srcset=\"https:\/\/dirisukilisesi.org\/wp-content\/uploads\/2020\/03\/BedriVaaz59-80x80.jpg 80w, https:\/\/dirisukilisesi.org\/wp-content\/uploads\/2020\/03\/BedriVaaz59-36x36.jpg 36w, https:\/\/dirisukilisesi.org\/wp-content\/uploads\/2020\/03\/BedriVaaz59-180x180.jpg 180w\" sizes=\"(max-width: 80px) 100vw, 80px\" \/><\/a><\/div><div class=\"av-magazine-content-wrap\"><header class=\"entry-content-header\"><time class='av-magazine-time updated'  itemprop=\"datePublished\" datetime=\"2020-03-08T02:30:45+03:00\" >8 Mart 2020<\/time><h3 class='av-magazine-title entry-title '  itemprop=\"headline\" ><a href='https:\/\/dirisukilisesi.org\/index.php\/2020\/03\/08\/tanri-sozuyle-buyumek\/' title='\u015euraya linkle:  Tanr\u0131 S\u00f6z\u00fcyle B\u00fcy\u00fcmek'>Tanr\u0131 S\u00f6z\u00fcyle B\u00fcy\u00fcmek<\/a><\/h3><\/header><\/div><footer class=\"entry-footer\"><\/footer><\/article><article class='av-magazine-entry av-magazine-entry-id-7232 av-magazine-format-standard av-magazine-type-post av-magazine-entry-3 av-magazine-entry-small '  itemscope=\"itemscope\" itemtype=\"https:\/\/schema.org\/CreativeWork\" ><div class=\"av-magazine-thumbnail\"><a href='https:\/\/dirisukilisesi.org\/index.php\/2020\/02\/09\/tanrinin-daveti\/' title='\u015euraya linkle:  Tanr\u0131&#8217;n\u0131n Daveti' class='av-magazine-thumbnail-link'><img decoding=\"async\" width=\"80\" height=\"80\" src=\"https:\/\/dirisukilisesi.org\/wp-content\/uploads\/2020\/02\/AlperVaaz44-80x80.jpg\" class=\"wp-image-7236 avia-img-lazy-loading-not-7236 attachment-thumbnail size-thumbnail wp-post-image\" alt=\"\" srcset=\"https:\/\/dirisukilisesi.org\/wp-content\/uploads\/2020\/02\/AlperVaaz44-80x80.jpg 80w, https:\/\/dirisukilisesi.org\/wp-content\/uploads\/2020\/02\/AlperVaaz44-36x36.jpg 36w, https:\/\/dirisukilisesi.org\/wp-content\/uploads\/2020\/02\/AlperVaaz44-180x180.jpg 180w\" sizes=\"(max-width: 80px) 100vw, 80px\" \/><\/a><\/div><div class=\"av-magazine-content-wrap\"><header class=\"entry-content-header\"><time class='av-magazine-time updated'  itemprop=\"datePublished\" datetime=\"2020-02-09T18:34:21+03:00\" >9 \u015eubat 2020<\/time><h3 class='av-magazine-title entry-title '  itemprop=\"headline\" ><a href='https:\/\/dirisukilisesi.org\/index.php\/2020\/02\/09\/tanrinin-daveti\/' title='\u015euraya linkle:  Tanr\u0131&#8217;n\u0131n Daveti'>Tanr\u0131&#8217;n\u0131n Daveti<\/a><\/h3><\/header><\/div><footer class=\"entry-footer\"><\/footer><\/article><article class='av-magazine-entry av-magazine-entry-id-7218 av-magazine-format-standard av-magazine-type-post av-magazine-entry-4 av-magazine-entry-small '  itemscope=\"itemscope\" itemtype=\"https:\/\/schema.org\/CreativeWork\" ><div class=\"av-magazine-thumbnail\"><a href='https:\/\/dirisukilisesi.org\/index.php\/2020\/01\/26\/isa-yol-ve-sonsuz-yasamdir\/' title='\u015euraya linkle:  \u0130sa Yol ve Sonsuz Ya\u015famd\u0131r -1' class='av-magazine-thumbnail-link'><img decoding=\"async\" width=\"80\" height=\"80\" src=\"https:\/\/dirisukilisesi.org\/wp-content\/uploads\/2020\/01\/MisakGreigoryan03-80x80.jpg\" class=\"wp-image-7221 avia-img-lazy-loading-not-7221 attachment-thumbnail size-thumbnail wp-post-image\" alt=\"\" srcset=\"https:\/\/dirisukilisesi.org\/wp-content\/uploads\/2020\/01\/MisakGreigoryan03-80x80.jpg 80w, https:\/\/dirisukilisesi.org\/wp-content\/uploads\/2020\/01\/MisakGreigoryan03-36x36.jpg 36w, https:\/\/dirisukilisesi.org\/wp-content\/uploads\/2020\/01\/MisakGreigoryan03-180x180.jpg 180w\" sizes=\"(max-width: 80px) 100vw, 80px\" \/><\/a><\/div><div class=\"av-magazine-content-wrap\"><header class=\"entry-content-header\"><time class='av-magazine-time updated'  itemprop=\"datePublished\" datetime=\"2020-01-26T17:08:32+03:00\" >26 Ocak 2020<\/time><h3 class='av-magazine-title entry-title '  itemprop=\"headline\" ><a href='https:\/\/dirisukilisesi.org\/index.php\/2020\/01\/26\/isa-yol-ve-sonsuz-yasamdir\/' title='\u015euraya linkle:  \u0130sa Yol ve Sonsuz Ya\u015famd\u0131r -1'>\u0130sa Yol ve Sonsuz Ya\u015famd\u0131r -1<\/a><\/h3><\/header><\/div><footer class=\"entry-footer\"><\/footer><\/article><article class='av-magazine-entry av-magazine-entry-id-7224 av-magazine-format-standard av-magazine-type-post av-magazine-entry-5 av-magazine-entry-small '  itemscope=\"itemscope\" itemtype=\"https:\/\/schema.org\/CreativeWork\" ><div class=\"av-magazine-thumbnail\"><a href='https:\/\/dirisukilisesi.org\/index.php\/2020\/01\/26\/isa-yol-ve-sonsuz-yasamdir-2\/' title='\u015euraya linkle:  \u0130sa Yol ve Sonsuz Ya\u015famd\u0131r &#8211; 2' class='av-magazine-thumbnail-link'><img decoding=\"async\" width=\"80\" height=\"80\" src=\"https:\/\/dirisukilisesi.org\/wp-content\/uploads\/2020\/01\/MisakGreigoryan03-80x80.jpg\" class=\"wp-image-7221 avia-img-lazy-loading-not-7221 attachment-thumbnail size-thumbnail wp-post-image\" alt=\"\" srcset=\"https:\/\/dirisukilisesi.org\/wp-content\/uploads\/2020\/01\/MisakGreigoryan03-80x80.jpg 80w, https:\/\/dirisukilisesi.org\/wp-content\/uploads\/2020\/01\/MisakGreigoryan03-36x36.jpg 36w, https:\/\/dirisukilisesi.org\/wp-content\/uploads\/2020\/01\/MisakGreigoryan03-180x180.jpg 180w\" sizes=\"(max-width: 80px) 100vw, 80px\" \/><\/a><\/div><div class=\"av-magazine-content-wrap\"><header class=\"entry-content-header\"><time class='av-magazine-time updated'  itemprop=\"datePublished\" datetime=\"2020-01-26T17:00:53+03:00\" >26 Ocak 2020<\/time><h3 class='av-magazine-title entry-title '  itemprop=\"headline\" ><a href='https:\/\/dirisukilisesi.org\/index.php\/2020\/01\/26\/isa-yol-ve-sonsuz-yasamdir-2\/' title='\u015euraya linkle:  \u0130sa Yol ve Sonsuz Ya\u015famd\u0131r &#8211; 2'>\u0130sa Yol ve Sonsuz Ya\u015famd\u0131r &#8211; 2<\/a><\/h3><\/header><\/div><footer class=\"entry-footer\"><\/footer><\/article><article class='av-magazine-entry av-magazine-entry-id-7214 av-magazine-format-standard av-magazine-type-post av-magazine-entry-6 av-magazine-entry-small '  itemscope=\"itemscope\" itemtype=\"https:\/\/schema.org\/CreativeWork\" ><div class=\"av-magazine-thumbnail\"><a href='https:\/\/dirisukilisesi.org\/index.php\/2020\/01\/19\/armaganlarla-hizmet-etmek\/' title='\u015euraya linkle:  Arma\u011fanlarla Hizmet Etmek' class='av-magazine-thumbnail-link'><img decoding=\"async\" width=\"80\" height=\"80\" src=\"https:\/\/dirisukilisesi.org\/wp-content\/uploads\/2020\/01\/BedriVaaz58-80x80.jpg\" class=\"wp-image-7217 avia-img-lazy-loading-not-7217 attachment-thumbnail size-thumbnail wp-post-image\" alt=\"\" srcset=\"https:\/\/dirisukilisesi.org\/wp-content\/uploads\/2020\/01\/BedriVaaz58-80x80.jpg 80w, https:\/\/dirisukilisesi.org\/wp-content\/uploads\/2020\/01\/BedriVaaz58-36x36.jpg 36w, https:\/\/dirisukilisesi.org\/wp-content\/uploads\/2020\/01\/BedriVaaz58-180x180.jpg 180w\" sizes=\"(max-width: 80px) 100vw, 80px\" \/><\/a><\/div><div class=\"av-magazine-content-wrap\"><header class=\"entry-content-header\"><time class='av-magazine-time updated'  itemprop=\"datePublished\" datetime=\"2020-01-19T17:06:09+03:00\" >19 Ocak 2020<\/time><h3 class='av-magazine-title entry-title '  itemprop=\"headline\" ><a href='https:\/\/dirisukilisesi.org\/index.php\/2020\/01\/19\/armaganlarla-hizmet-etmek\/' title='\u015euraya linkle:  Arma\u011fanlarla Hizmet Etmek'>Arma\u011fanlarla Hizmet Etmek<\/a><\/h3><\/header><\/div><footer class=\"entry-footer\"><\/footer><\/article><article class='av-magazine-entry av-magazine-entry-id-7198 av-magazine-format-standard av-magazine-type-post av-magazine-entry-7 av-magazine-entry-small '  itemscope=\"itemscope\" itemtype=\"https:\/\/schema.org\/CreativeWork\" ><div class=\"av-magazine-thumbnail\"><a href='https:\/\/dirisukilisesi.org\/index.php\/2020\/01\/12\/tanrinin-kutsal-ruhuyla-muhurlendik\/' title='\u015euraya linkle:  Tanr\u0131&#8217;n\u0131n Kutsal Ruhuyla M\u00fch\u00fcrlendik' class='av-magazine-thumbnail-link'><img decoding=\"async\" width=\"80\" height=\"80\" src=\"https:\/\/dirisukilisesi.org\/wp-content\/uploads\/2020\/01\/AdemVaaz47-80x80.jpg\" class=\"wp-image-7204 avia-img-lazy-loading-not-7204 attachment-thumbnail size-thumbnail wp-post-image\" alt=\"\" srcset=\"https:\/\/dirisukilisesi.org\/wp-content\/uploads\/2020\/01\/AdemVaaz47-80x80.jpg 80w, https:\/\/dirisukilisesi.org\/wp-content\/uploads\/2020\/01\/AdemVaaz47-36x36.jpg 36w, https:\/\/dirisukilisesi.org\/wp-content\/uploads\/2020\/01\/AdemVaaz47-180x180.jpg 180w\" sizes=\"(max-width: 80px) 100vw, 80px\" \/><\/a><\/div><div class=\"av-magazine-content-wrap\"><header class=\"entry-content-header\"><time class='av-magazine-time updated'  itemprop=\"datePublished\" datetime=\"2020-01-12T16:00:15+03:00\" >12 Ocak 2020<\/time><h3 class='av-magazine-title entry-title '  itemprop=\"headline\" ><a href='https:\/\/dirisukilisesi.org\/index.php\/2020\/01\/12\/tanrinin-kutsal-ruhuyla-muhurlendik\/' title='\u015euraya linkle:  Tanr\u0131&#8217;n\u0131n Kutsal Ruhuyla M\u00fch\u00fcrlendik'>Tanr\u0131&#8217;n\u0131n Kutsal Ruhuyla M\u00fch\u00fcrlendik<\/a><\/h3><\/header><\/div><footer class=\"entry-footer\"><\/footer><\/article><article class='av-magazine-entry av-magazine-entry-id-7206 av-magazine-format-standard av-magazine-type-post av-magazine-entry-8 av-magazine-entry-small '  itemscope=\"itemscope\" itemtype=\"https:\/\/schema.org\/CreativeWork\" ><div class=\"av-magazine-thumbnail\"><a href='https:\/\/dirisukilisesi.org\/index.php\/2020\/01\/05\/on-buyrugun-amaci\/' title='\u015euraya linkle:  On Buyru\u011fun Amac\u0131' class='av-magazine-thumbnail-link'><img decoding=\"async\" width=\"80\" height=\"80\" src=\"https:\/\/dirisukilisesi.org\/wp-content\/uploads\/2020\/01\/KemalVaaz03-80x80.jpg\" class=\"wp-image-7213 avia-img-lazy-loading-not-7213 attachment-thumbnail size-thumbnail wp-post-image\" alt=\"\" srcset=\"https:\/\/dirisukilisesi.org\/wp-content\/uploads\/2020\/01\/KemalVaaz03-80x80.jpg 80w, https:\/\/dirisukilisesi.org\/wp-content\/uploads\/2020\/01\/KemalVaaz03-36x36.jpg 36w, https:\/\/dirisukilisesi.org\/wp-content\/uploads\/2020\/01\/KemalVaaz03-180x180.jpg 180w\" sizes=\"(max-width: 80px) 100vw, 80px\" \/><\/a><\/div><div class=\"av-magazine-content-wrap\"><header class=\"entry-content-header\"><time class='av-magazine-time updated'  itemprop=\"datePublished\" datetime=\"2020-01-05T16:56:47+03:00\" >5 Ocak 2020<\/time><h3 class='av-magazine-title entry-title '  itemprop=\"headline\" ><a href='https:\/\/dirisukilisesi.org\/index.php\/2020\/01\/05\/on-buyrugun-amaci\/' title='\u015euraya linkle:  On Buyru\u011fun Amac\u0131'>On Buyru\u011fun Amac\u0131<\/a><\/h3><\/header><\/div><footer class=\"entry-footer\"><\/footer><\/article><article class='av-magazine-entry av-magazine-entry-id-7174 av-magazine-format-standard av-magazine-type-post av-magazine-entry-9 av-magazine-entry-small '  itemscope=\"itemscope\" itemtype=\"https:\/\/schema.org\/CreativeWork\" ><div class=\"av-magazine-thumbnail\"><a href='https:\/\/dirisukilisesi.org\/index.php\/2019\/12\/29\/sarsilmaz-bir-egemenlik-var\/' title='\u015euraya linkle:  Sars\u0131lmaz Bir Egemenlik Var' class='av-magazine-thumbnail-link'><img decoding=\"async\" width=\"80\" height=\"80\" src=\"https:\/\/dirisukilisesi.org\/wp-content\/uploads\/2019\/12\/AlperVaaz43-80x80.jpg\" class=\"wp-image-7178 avia-img-lazy-loading-not-7178 attachment-thumbnail size-thumbnail wp-post-image\" alt=\"\" srcset=\"https:\/\/dirisukilisesi.org\/wp-content\/uploads\/2019\/12\/AlperVaaz43-80x80.jpg 80w, https:\/\/dirisukilisesi.org\/wp-content\/uploads\/2019\/12\/AlperVaaz43-36x36.jpg 36w, https:\/\/dirisukilisesi.org\/wp-content\/uploads\/2019\/12\/AlperVaaz43-180x180.jpg 180w\" sizes=\"(max-width: 80px) 100vw, 80px\" \/><\/a><\/div><div class=\"av-magazine-content-wrap\"><header class=\"entry-content-header\"><time class='av-magazine-time updated'  itemprop=\"datePublished\" datetime=\"2019-12-29T23:42:42+03:00\" >29 Aral\u0131k 2019<\/time><h3 class='av-magazine-title entry-title '  itemprop=\"headline\" ><a href='https:\/\/dirisukilisesi.org\/index.php\/2019\/12\/29\/sarsilmaz-bir-egemenlik-var\/' title='\u015euraya linkle:  Sars\u0131lmaz Bir Egemenlik Var'>Sars\u0131lmaz Bir Egemenlik Var<\/a><\/h3><\/header><\/div><footer class=\"entry-footer\"><\/footer><\/article><article class='av-magazine-entry av-magazine-entry-id-7149 av-magazine-format-standard av-magazine-type-post av-magazine-entry-10 av-magazine-entry-small '  itemscope=\"itemscope\" itemtype=\"https:\/\/schema.org\/CreativeWork\" ><div class=\"av-magazine-thumbnail\"><a href='https:\/\/dirisukilisesi.org\/index.php\/2019\/12\/22\/mesih-icimizde-yasasin\/' title='\u015euraya linkle:  Mesih \u0130\u00e7imizde Ya\u015fas\u0131n' class='av-magazine-thumbnail-link'><img decoding=\"async\" width=\"80\" height=\"80\" src=\"https:\/\/dirisukilisesi.org\/wp-content\/uploads\/2018\/11\/Bedri-150x150.jpg\" class=\"wp-image-6008 avia-img-lazy-loading-not-6008 attachment-thumbnail size-thumbnail wp-post-image\" alt=\"\" srcset=\"https:\/\/dirisukilisesi.org\/wp-content\/uploads\/2018\/11\/Bedri-150x150.jpg 150w, https:\/\/dirisukilisesi.org\/wp-content\/uploads\/2018\/11\/Bedri-36x36.jpg 36w, https:\/\/dirisukilisesi.org\/wp-content\/uploads\/2018\/11\/Bedri-180x180.jpg 180w, https:\/\/dirisukilisesi.org\/wp-content\/uploads\/2018\/11\/Bedri-120x120.jpg 120w\" sizes=\"(max-width: 80px) 100vw, 80px\" \/><\/a><\/div><div class=\"av-magazine-content-wrap\"><header class=\"entry-content-header\"><time class='av-magazine-time updated'  itemprop=\"datePublished\" datetime=\"2019-12-22T18:43:48+03:00\" >22 Aral\u0131k 2019<\/time><h3 class='av-magazine-title entry-title '  itemprop=\"headline\" ><a href='https:\/\/dirisukilisesi.org\/index.php\/2019\/12\/22\/mesih-icimizde-yasasin\/' title='\u015euraya linkle:  Mesih \u0130\u00e7imizde Ya\u015fas\u0131n'>Mesih \u0130\u00e7imizde Ya\u015fas\u0131n<\/a><\/h3><\/header><\/div><footer class=\"entry-footer\"><\/footer><\/article><article class='av-magazine-entry av-magazine-entry-id-7100 av-magazine-format-standard av-magazine-type-post av-magazine-entry-11 av-magazine-entry-small '  itemscope=\"itemscope\" itemtype=\"https:\/\/schema.org\/CreativeWork\" ><div class=\"av-magazine-thumbnail\"><a href='https:\/\/dirisukilisesi.org\/index.php\/2019\/12\/08\/kutsal-ruhun-vaftizi\/' title='\u015euraya linkle:  Kutsal Ruh&#8217;un Vaftizi' class='av-magazine-thumbnail-link'><img decoding=\"async\" width=\"80\" height=\"80\" src=\"https:\/\/dirisukilisesi.org\/wp-content\/uploads\/2019\/12\/AdemVaaz46-150x150.jpg\" class=\"wp-image-7105 avia-img-lazy-loading-not-7105 attachment-thumbnail size-thumbnail wp-post-image\" alt=\"\" srcset=\"https:\/\/dirisukilisesi.org\/wp-content\/uploads\/2019\/12\/AdemVaaz46-150x150.jpg 150w, https:\/\/dirisukilisesi.org\/wp-content\/uploads\/2019\/12\/AdemVaaz46-36x36.jpg 36w, https:\/\/dirisukilisesi.org\/wp-content\/uploads\/2019\/12\/AdemVaaz46-180x180.jpg 180w, https:\/\/dirisukilisesi.org\/wp-content\/uploads\/2019\/12\/AdemVaaz46-120x120.jpg 120w\" sizes=\"(max-width: 80px) 100vw, 80px\" \/><\/a><\/div><div class=\"av-magazine-content-wrap\"><header class=\"entry-content-header\"><time class='av-magazine-time updated'  itemprop=\"datePublished\" datetime=\"2019-12-08T14:18:43+03:00\" >8 Aral\u0131k 2019<\/time><h3 class='av-magazine-title entry-title '  itemprop=\"headline\" ><a href='https:\/\/dirisukilisesi.org\/index.php\/2019\/12\/08\/kutsal-ruhun-vaftizi\/' title='\u015euraya linkle:  Kutsal Ruh&#8217;un Vaftizi'>Kutsal Ruh&#8217;un Vaftizi<\/a><\/h3><\/header><\/div><footer class=\"entry-footer\"><\/footer><\/article><article class='av-magazine-entry av-magazine-entry-id-7106 av-magazine-format-standard av-magazine-type-post av-magazine-entry-12 av-magazine-entry-small '  itemscope=\"itemscope\" itemtype=\"https:\/\/schema.org\/CreativeWork\" ><div class=\"av-magazine-thumbnail\"><a href='https:\/\/dirisukilisesi.org\/index.php\/2019\/11\/24\/isa-mesihin-kim-oldugunu-bilmek\/' title='\u015euraya linkle:  \u0130sa Mesih&#8217;in Kim Oldu\u011funu Bilmek' class='av-magazine-thumbnail-link'><img decoding=\"async\" width=\"80\" height=\"80\" src=\"https:\/\/dirisukilisesi.org\/wp-content\/uploads\/2019\/11\/CucanVaaz28-150x150.jpg\" class=\"wp-image-7109 avia-img-lazy-loading-not-7109 attachment-thumbnail size-thumbnail wp-post-image\" alt=\"\" srcset=\"https:\/\/dirisukilisesi.org\/wp-content\/uploads\/2019\/11\/CucanVaaz28-150x150.jpg 150w, https:\/\/dirisukilisesi.org\/wp-content\/uploads\/2019\/11\/CucanVaaz28-36x36.jpg 36w, https:\/\/dirisukilisesi.org\/wp-content\/uploads\/2019\/11\/CucanVaaz28-180x180.jpg 180w, https:\/\/dirisukilisesi.org\/wp-content\/uploads\/2019\/11\/CucanVaaz28-120x120.jpg 120w\" sizes=\"(max-width: 80px) 100vw, 80px\" \/><\/a><\/div><div class=\"av-magazine-content-wrap\"><header class=\"entry-content-header\"><time class='av-magazine-time updated'  itemprop=\"datePublished\" datetime=\"2019-11-24T14:31:54+03:00\" >24 Kas\u0131m 2019<\/time><h3 class='av-magazine-title entry-title '  itemprop=\"headline\" ><a href='https:\/\/dirisukilisesi.org\/index.php\/2019\/11\/24\/isa-mesihin-kim-oldugunu-bilmek\/' title='\u015euraya linkle:  \u0130sa Mesih&#8217;in Kim Oldu\u011funu Bilmek'>\u0130sa Mesih&#8217;in Kim Oldu\u011funu Bilmek<\/a><\/h3><\/header><\/div><footer class=\"entry-footer\"><\/footer><\/article><article class='av-magazine-entry av-magazine-entry-id-7090 av-magazine-format-standard av-magazine-type-post av-magazine-entry-13 av-magazine-entry-small '  itemscope=\"itemscope\" itemtype=\"https:\/\/schema.org\/CreativeWork\" ><div class=\"av-magazine-thumbnail\"><a href='https:\/\/dirisukilisesi.org\/index.php\/2019\/11\/17\/kilisede-isayi-taniriz\/' title='\u015euraya linkle:  Kilise&#8217;de \u0130sa&#8217;y\u0131 Tan\u0131r\u0131z' class='av-magazine-thumbnail-link'><img decoding=\"async\" width=\"80\" height=\"80\" src=\"https:\/\/dirisukilisesi.org\/wp-content\/uploads\/2019\/11\/HasanVaaz26-150x150.jpg\" class=\"wp-image-7096 avia-img-lazy-loading-not-7096 attachment-thumbnail size-thumbnail wp-post-image\" alt=\"\" srcset=\"https:\/\/dirisukilisesi.org\/wp-content\/uploads\/2019\/11\/HasanVaaz26-150x150.jpg 150w, https:\/\/dirisukilisesi.org\/wp-content\/uploads\/2019\/11\/HasanVaaz26-36x36.jpg 36w, https:\/\/dirisukilisesi.org\/wp-content\/uploads\/2019\/11\/HasanVaaz26-180x180.jpg 180w, https:\/\/dirisukilisesi.org\/wp-content\/uploads\/2019\/11\/HasanVaaz26-120x120.jpg 120w\" sizes=\"(max-width: 80px) 100vw, 80px\" \/><\/a><\/div><div class=\"av-magazine-content-wrap\"><header class=\"entry-content-header\"><time class='av-magazine-time updated'  itemprop=\"datePublished\" datetime=\"2019-11-17T00:08:47+03:00\" >17 Kas\u0131m 2019<\/time><h3 class='av-magazine-title entry-title '  itemprop=\"headline\" ><a href='https:\/\/dirisukilisesi.org\/index.php\/2019\/11\/17\/kilisede-isayi-taniriz\/' title='\u015euraya linkle:  Kilise&#8217;de \u0130sa&#8217;y\u0131 Tan\u0131r\u0131z'>Kilise&#8217;de \u0130sa&#8217;y\u0131 Tan\u0131r\u0131z<\/a><\/h3><\/header><\/div><footer class=\"entry-footer\"><\/footer><\/article><article class='av-magazine-entry av-magazine-entry-id-6960 av-magazine-format-standard av-magazine-type-post av-magazine-entry-14 av-magazine-entry-small '  itemscope=\"itemscope\" itemtype=\"https:\/\/schema.org\/CreativeWork\" ><div class=\"av-magazine-thumbnail\"><a href='https:\/\/dirisukilisesi.org\/index.php\/2019\/11\/03\/ruhla-ve-sozle-yasamak-2\/' title='\u015euraya linkle:  Ruhla Ve S\u00f6zle Ya\u015famak' class='av-magazine-thumbnail-link'><img decoding=\"async\" width=\"80\" height=\"80\" src=\"https:\/\/dirisukilisesi.org\/wp-content\/uploads\/2019\/11\/KemalVaaz02-150x150.jpg\" class=\"wp-image-7047 avia-img-lazy-loading-not-7047 attachment-thumbnail size-thumbnail wp-post-image\" alt=\"\" srcset=\"https:\/\/dirisukilisesi.org\/wp-content\/uploads\/2019\/11\/KemalVaaz02-150x150.jpg 150w, https:\/\/dirisukilisesi.org\/wp-content\/uploads\/2019\/11\/KemalVaaz02-36x36.jpg 36w, https:\/\/dirisukilisesi.org\/wp-content\/uploads\/2019\/11\/KemalVaaz02-180x180.jpg 180w, https:\/\/dirisukilisesi.org\/wp-content\/uploads\/2019\/11\/KemalVaaz02-120x120.jpg 120w\" sizes=\"(max-width: 80px) 100vw, 80px\" \/><\/a><\/div><div class=\"av-magazine-content-wrap\"><header class=\"entry-content-header\"><time class='av-magazine-time updated'  itemprop=\"datePublished\" datetime=\"2019-11-03T14:26:19+03:00\" >3 Kas\u0131m 2019<\/time><h3 class='av-magazine-title entry-title '  itemprop=\"headline\" ><a href='https:\/\/dirisukilisesi.org\/index.php\/2019\/11\/03\/ruhla-ve-sozle-yasamak-2\/' title='\u015euraya linkle:  Ruhla Ve S\u00f6zle Ya\u015famak'>Ruhla Ve S\u00f6zle Ya\u015famak<\/a><\/h3><\/header><\/div><footer class=\"entry-footer\"><\/footer><\/article><article class='av-magazine-entry av-magazine-entry-id-6862 av-magazine-format-standard av-magazine-type-post av-magazine-entry-15 av-magazine-entry-small '  itemscope=\"itemscope\" itemtype=\"https:\/\/schema.org\/CreativeWork\" ><div class=\"av-magazine-thumbnail\"><a href='https:\/\/dirisukilisesi.org\/index.php\/2019\/10\/27\/mesihin-gidisine-uyun\/' title='\u015euraya linkle:  Mesih&#8217;in Gidi\u015fine Uyun' class='av-magazine-thumbnail-link'><img decoding=\"async\" width=\"80\" height=\"80\" src=\"https:\/\/dirisukilisesi.org\/wp-content\/uploads\/2019\/10\/AlperVaaz42-150x150.jpg\" class=\"wp-image-6865 avia-img-lazy-loading-not-6865 attachment-thumbnail size-thumbnail wp-post-image\" alt=\"\" srcset=\"https:\/\/dirisukilisesi.org\/wp-content\/uploads\/2019\/10\/AlperVaaz42-150x150.jpg 150w, https:\/\/dirisukilisesi.org\/wp-content\/uploads\/2019\/10\/AlperVaaz42-36x36.jpg 36w, https:\/\/dirisukilisesi.org\/wp-content\/uploads\/2019\/10\/AlperVaaz42-180x180.jpg 180w, https:\/\/dirisukilisesi.org\/wp-content\/uploads\/2019\/10\/AlperVaaz42-120x120.jpg 120w\" sizes=\"(max-width: 80px) 100vw, 80px\" \/><\/a><\/div><div class=\"av-magazine-content-wrap\"><header class=\"entry-content-header\"><time class='av-magazine-time updated'  itemprop=\"datePublished\" datetime=\"2019-10-27T18:28:07+03:00\" >27 Ekim 2019<\/time><h3 class='av-magazine-title entry-title '  itemprop=\"headline\" ><a href='https:\/\/dirisukilisesi.org\/index.php\/2019\/10\/27\/mesihin-gidisine-uyun\/' title='\u015euraya linkle:  Mesih&#8217;in Gidi\u015fine Uyun'>Mesih&#8217;in Gidi\u015fine Uyun<\/a><\/h3><\/header><\/div><footer class=\"entry-footer\"><\/footer><\/article><article class='av-magazine-entry av-magazine-entry-id-6858 av-magazine-format-standard av-magazine-type-post av-magazine-entry-16 av-magazine-entry-small '  itemscope=\"itemscope\" itemtype=\"https:\/\/schema.org\/CreativeWork\" ><div class=\"av-magazine-thumbnail\"><a href='https:\/\/dirisukilisesi.org\/index.php\/2019\/10\/20\/rabin-uyarisi-ve-ikinci-gelisi\/' title='\u015euraya linkle:  Rabin Uyar\u0131s\u0131 Ve \u0130kinci Geli\u015fi' class='av-magazine-thumbnail-link'><img decoding=\"async\" width=\"80\" height=\"80\" src=\"https:\/\/dirisukilisesi.org\/wp-content\/uploads\/2019\/10\/AdemVaaz45-150x150.jpg\" class=\"wp-image-6861 avia-img-lazy-loading-not-6861 attachment-thumbnail size-thumbnail wp-post-image\" alt=\"\" srcset=\"https:\/\/dirisukilisesi.org\/wp-content\/uploads\/2019\/10\/AdemVaaz45-150x150.jpg 150w, https:\/\/dirisukilisesi.org\/wp-content\/uploads\/2019\/10\/AdemVaaz45-36x36.jpg 36w, https:\/\/dirisukilisesi.org\/wp-content\/uploads\/2019\/10\/AdemVaaz45-180x180.jpg 180w, https:\/\/dirisukilisesi.org\/wp-content\/uploads\/2019\/10\/AdemVaaz45-120x120.jpg 120w\" sizes=\"(max-width: 80px) 100vw, 80px\" \/><\/a><\/div><div class=\"av-magazine-content-wrap\"><header class=\"entry-content-header\"><time class='av-magazine-time updated'  itemprop=\"datePublished\" datetime=\"2019-10-20T17:35:58+03:00\" >20 Ekim 2019<\/time><h3 class='av-magazine-title entry-title '  itemprop=\"headline\" ><a href='https:\/\/dirisukilisesi.org\/index.php\/2019\/10\/20\/rabin-uyarisi-ve-ikinci-gelisi\/' title='\u015euraya linkle:  Rabin Uyar\u0131s\u0131 Ve \u0130kinci Geli\u015fi'>Rabin Uyar\u0131s\u0131 Ve \u0130kinci Geli\u015fi<\/a><\/h3><\/header><\/div><footer class=\"entry-footer\"><\/footer><\/article><article class='av-magazine-entry av-magazine-entry-id-6854 av-magazine-format-standard av-magazine-type-post av-magazine-entry-17 av-magazine-entry-small '  itemscope=\"itemscope\" itemtype=\"https:\/\/schema.org\/CreativeWork\" ><div class=\"av-magazine-thumbnail\"><a href='https:\/\/dirisukilisesi.org\/index.php\/2019\/10\/13\/rab-sorunlarimizi-cozer\/' title='\u015euraya linkle:  Rab Sorunlar\u0131m\u0131z\u0131 \u00c7\u00f6zer' class='av-magazine-thumbnail-link'><img decoding=\"async\" width=\"80\" height=\"80\" src=\"https:\/\/dirisukilisesi.org\/wp-content\/uploads\/2019\/10\/CucanVaaz27-150x150.jpg\" class=\"wp-image-6857 avia-img-lazy-loading-not-6857 attachment-thumbnail size-thumbnail wp-post-image\" alt=\"\" srcset=\"https:\/\/dirisukilisesi.org\/wp-content\/uploads\/2019\/10\/CucanVaaz27-150x150.jpg 150w, https:\/\/dirisukilisesi.org\/wp-content\/uploads\/2019\/10\/CucanVaaz27-36x36.jpg 36w, https:\/\/dirisukilisesi.org\/wp-content\/uploads\/2019\/10\/CucanVaaz27-180x180.jpg 180w, https:\/\/dirisukilisesi.org\/wp-content\/uploads\/2019\/10\/CucanVaaz27-120x120.jpg 120w\" sizes=\"(max-width: 80px) 100vw, 80px\" \/><\/a><\/div><div class=\"av-magazine-content-wrap\"><header class=\"entry-content-header\"><time class='av-magazine-time updated'  itemprop=\"datePublished\" datetime=\"2019-10-13T17:30:30+03:00\" >13 Ekim 2019<\/time><h3 class='av-magazine-title entry-title '  itemprop=\"headline\" ><a href='https:\/\/dirisukilisesi.org\/index.php\/2019\/10\/13\/rab-sorunlarimizi-cozer\/' title='\u015euraya linkle:  Rab Sorunlar\u0131m\u0131z\u0131 \u00c7\u00f6zer'>Rab Sorunlar\u0131m\u0131z\u0131 \u00c7\u00f6zer<\/a><\/h3><\/header><\/div><footer class=\"entry-footer\"><\/footer><\/article><article class='av-magazine-entry av-magazine-entry-id-6848 av-magazine-format-standard av-magazine-type-post av-magazine-entry-18 av-magazine-entry-small '  itemscope=\"itemscope\" itemtype=\"https:\/\/schema.org\/CreativeWork\" ><div class=\"av-magazine-thumbnail\"><a href='https:\/\/dirisukilisesi.org\/index.php\/2019\/09\/29\/rab-verileni-cogaltir\/' title='\u015euraya linkle:  Rab Verileni \u00c7o\u011falt\u0131r' class='av-magazine-thumbnail-link'><img decoding=\"async\" width=\"80\" height=\"80\" src=\"https:\/\/dirisukilisesi.org\/wp-content\/uploads\/2019\/09\/RizaVaaz03-150x150.jpg\" class=\"wp-image-6853 avia-img-lazy-loading-not-6853 attachment-thumbnail size-thumbnail wp-post-image\" alt=\"\" srcset=\"https:\/\/dirisukilisesi.org\/wp-content\/uploads\/2019\/09\/RizaVaaz03-150x150.jpg 150w, https:\/\/dirisukilisesi.org\/wp-content\/uploads\/2019\/09\/RizaVaaz03-36x36.jpg 36w, https:\/\/dirisukilisesi.org\/wp-content\/uploads\/2019\/09\/RizaVaaz03-180x180.jpg 180w, https:\/\/dirisukilisesi.org\/wp-content\/uploads\/2019\/09\/RizaVaaz03-120x120.jpg 120w\" sizes=\"(max-width: 80px) 100vw, 80px\" \/><\/a><\/div><div class=\"av-magazine-content-wrap\"><header class=\"entry-content-header\"><time class='av-magazine-time updated'  itemprop=\"datePublished\" datetime=\"2019-09-29T17:21:21+03:00\" >29 Eyl\u00fcl 2019<\/time><h3 class='av-magazine-title entry-title '  itemprop=\"headline\" ><a href='https:\/\/dirisukilisesi.org\/index.php\/2019\/09\/29\/rab-verileni-cogaltir\/' title='\u015euraya linkle:  Rab Verileni \u00c7o\u011falt\u0131r'>Rab Verileni \u00c7o\u011falt\u0131r<\/a><\/h3><\/header><\/div><footer class=\"entry-footer\"><\/footer><\/article><article class='av-magazine-entry av-magazine-entry-id-6840 av-magazine-format-standard av-magazine-type-post av-magazine-entry-19 av-magazine-entry-small '  itemscope=\"itemscope\" itemtype=\"https:\/\/schema.org\/CreativeWork\" ><div class=\"av-magazine-thumbnail\"><a href='https:\/\/dirisukilisesi.org\/index.php\/2019\/09\/22\/tanriyi-tanimakta-ilerlemek\/' title='\u015euraya linkle:  Tanr\u0131y\u0131 Tan\u0131makta \u0130lerlemek' class='av-magazine-thumbnail-link'><img decoding=\"async\" width=\"80\" height=\"80\" src=\"https:\/\/dirisukilisesi.org\/wp-content\/uploads\/2019\/02\/AlperVaaz37-150x150.jpg\" class=\"wp-image-6311 avia-img-lazy-loading-not-6311 attachment-thumbnail size-thumbnail wp-post-image\" alt=\"\" srcset=\"https:\/\/dirisukilisesi.org\/wp-content\/uploads\/2019\/02\/AlperVaaz37-150x150.jpg 150w, https:\/\/dirisukilisesi.org\/wp-content\/uploads\/2019\/02\/AlperVaaz37-36x36.jpg 36w, https:\/\/dirisukilisesi.org\/wp-content\/uploads\/2019\/02\/AlperVaaz37-180x180.jpg 180w, https:\/\/dirisukilisesi.org\/wp-content\/uploads\/2019\/02\/AlperVaaz37-120x120.jpg 120w\" sizes=\"(max-width: 80px) 100vw, 80px\" \/><\/a><\/div><div class=\"av-magazine-content-wrap\"><header class=\"entry-content-header\"><time class='av-magazine-time updated'  itemprop=\"datePublished\" datetime=\"2019-09-22T16:44:29+03:00\" >22 Eyl\u00fcl 2019<\/time><h3 class='av-magazine-title entry-title '  itemprop=\"headline\" ><a href='https:\/\/dirisukilisesi.org\/index.php\/2019\/09\/22\/tanriyi-tanimakta-ilerlemek\/' title='\u015euraya linkle:  Tanr\u0131y\u0131 Tan\u0131makta \u0130lerlemek'>Tanr\u0131y\u0131 Tan\u0131makta \u0130lerlemek<\/a><\/h3><\/header><\/div><footer class=\"entry-footer\"><\/footer><\/article><article class='av-magazine-entry av-magazine-entry-id-6824 av-magazine-format-standard av-magazine-type-post av-magazine-entry-20 av-magazine-entry-small '  itemscope=\"itemscope\" itemtype=\"https:\/\/schema.org\/CreativeWork\" ><div class=\"av-magazine-thumbnail\"><a href='https:\/\/dirisukilisesi.org\/index.php\/2019\/09\/15\/tanriya-hizmette-sadakat\/' title='\u015euraya linkle:  Tanr\u0131&#8217;ya Hizmette Sadakat' class='av-magazine-thumbnail-link'><img decoding=\"async\" width=\"80\" height=\"80\" src=\"https:\/\/dirisukilisesi.org\/wp-content\/uploads\/2019\/09\/AdemVaaz44-150x150.jpg\" class=\"wp-image-6827 avia-img-lazy-loading-not-6827 attachment-thumbnail size-thumbnail wp-post-image\" alt=\"\" srcset=\"https:\/\/dirisukilisesi.org\/wp-content\/uploads\/2019\/09\/AdemVaaz44-150x150.jpg 150w, https:\/\/dirisukilisesi.org\/wp-content\/uploads\/2019\/09\/AdemVaaz44-36x36.jpg 36w, https:\/\/dirisukilisesi.org\/wp-content\/uploads\/2019\/09\/AdemVaaz44-180x180.jpg 180w, https:\/\/dirisukilisesi.org\/wp-content\/uploads\/2019\/09\/AdemVaaz44-120x120.jpg 120w\" sizes=\"(max-width: 80px) 100vw, 80px\" \/><\/a><\/div><div class=\"av-magazine-content-wrap\"><header class=\"entry-content-header\"><time class='av-magazine-time updated'  itemprop=\"datePublished\" datetime=\"2019-09-15T21:43:33+03:00\" >15 Eyl\u00fcl 2019<\/time><h3 class='av-magazine-title entry-title '  itemprop=\"headline\" ><a href='https:\/\/dirisukilisesi.org\/index.php\/2019\/09\/15\/tanriya-hizmette-sadakat\/' title='\u015euraya linkle:  Tanr\u0131&#8217;ya Hizmette Sadakat'>Tanr\u0131&#8217;ya Hizmette Sadakat<\/a><\/h3><\/header><\/div><footer class=\"entry-footer\"><\/footer><\/article><article class='av-magazine-entry av-magazine-entry-id-6820 av-magazine-format-standard av-magazine-type-post av-magazine-entry-21 av-magazine-entry-small '  itemscope=\"itemscope\" itemtype=\"https:\/\/schema.org\/CreativeWork\" ><div class=\"av-magazine-thumbnail\"><a href='https:\/\/dirisukilisesi.org\/index.php\/2019\/09\/08\/gucenmelerimiz-ve-iyilesme\/' title='\u015euraya linkle:  G\u00fccenmelerimiz Ve \u0130yile\u015fme' class='av-magazine-thumbnail-link'><img decoding=\"async\" width=\"80\" height=\"80\" src=\"https:\/\/dirisukilisesi.org\/wp-content\/uploads\/2019\/09\/HasanVaaz25-150x150.jpg\" class=\"wp-image-6823 avia-img-lazy-loading-not-6823 attachment-thumbnail size-thumbnail wp-post-image\" alt=\"\" srcset=\"https:\/\/dirisukilisesi.org\/wp-content\/uploads\/2019\/09\/HasanVaaz25-150x150.jpg 150w, https:\/\/dirisukilisesi.org\/wp-content\/uploads\/2019\/09\/HasanVaaz25-36x36.jpg 36w, https:\/\/dirisukilisesi.org\/wp-content\/uploads\/2019\/09\/HasanVaaz25-180x180.jpg 180w, https:\/\/dirisukilisesi.org\/wp-content\/uploads\/2019\/09\/HasanVaaz25-120x120.jpg 120w\" sizes=\"(max-width: 80px) 100vw, 80px\" \/><\/a><\/div><div class=\"av-magazine-content-wrap\"><header class=\"entry-content-header\"><time class='av-magazine-time updated'  itemprop=\"datePublished\" datetime=\"2019-09-08T21:39:01+03:00\" >8 Eyl\u00fcl 2019<\/time><h3 class='av-magazine-title entry-title '  itemprop=\"headline\" ><a href='https:\/\/dirisukilisesi.org\/index.php\/2019\/09\/08\/gucenmelerimiz-ve-iyilesme\/' title='\u015euraya linkle:  G\u00fccenmelerimiz Ve \u0130yile\u015fme'>G\u00fccenmelerimiz Ve \u0130yile\u015fme<\/a><\/h3><\/header><\/div><footer class=\"entry-footer\"><\/footer><\/article><article class='av-magazine-entry av-magazine-entry-id-6816 av-magazine-format-standard av-magazine-type-post av-magazine-entry-22 av-magazine-entry-small '  itemscope=\"itemscope\" itemtype=\"https:\/\/schema.org\/CreativeWork\" ><div class=\"av-magazine-thumbnail\"><a href='https:\/\/dirisukilisesi.org\/index.php\/2019\/08\/25\/imana-dayali-mucadelemiz\/' title='\u015euraya linkle:  \u0130mana Dayal\u0131 M\u00fccadelemiz' class='av-magazine-thumbnail-link'><img decoding=\"async\" width=\"80\" height=\"80\" src=\"https:\/\/dirisukilisesi.org\/wp-content\/uploads\/2019\/09\/AdemVaaz43-150x150.jpg\" class=\"wp-image-6819 avia-img-lazy-loading-not-6819 attachment-thumbnail size-thumbnail wp-post-image\" alt=\"\" srcset=\"https:\/\/dirisukilisesi.org\/wp-content\/uploads\/2019\/09\/AdemVaaz43-150x150.jpg 150w, https:\/\/dirisukilisesi.org\/wp-content\/uploads\/2019\/09\/AdemVaaz43-36x36.jpg 36w, https:\/\/dirisukilisesi.org\/wp-content\/uploads\/2019\/09\/AdemVaaz43-180x180.jpg 180w, https:\/\/dirisukilisesi.org\/wp-content\/uploads\/2019\/09\/AdemVaaz43-120x120.jpg 120w\" sizes=\"(max-width: 80px) 100vw, 80px\" \/><\/a><\/div><div class=\"av-magazine-content-wrap\"><header class=\"entry-content-header\"><time class='av-magazine-time updated'  itemprop=\"datePublished\" datetime=\"2019-08-25T21:35:01+03:00\" >25 A\u011fustos 2019<\/time><h3 class='av-magazine-title entry-title '  itemprop=\"headline\" ><a href='https:\/\/dirisukilisesi.org\/index.php\/2019\/08\/25\/imana-dayali-mucadelemiz\/' title='\u015euraya linkle:  \u0130mana Dayal\u0131 M\u00fccadelemiz'>\u0130mana Dayal\u0131 M\u00fccadelemiz<\/a><\/h3><\/header><\/div><footer class=\"entry-footer\"><\/footer><\/article><article class='av-magazine-entry av-magazine-entry-id-6807 av-magazine-format-standard av-magazine-type-post av-magazine-entry-23 av-magazine-entry-small '  itemscope=\"itemscope\" itemtype=\"https:\/\/schema.org\/CreativeWork\" ><div class=\"av-magazine-thumbnail\"><a href='https:\/\/dirisukilisesi.org\/index.php\/2019\/08\/18\/tanrisal-merhamet\/' title='\u015euraya linkle:  Tanr\u0131sal Merhamet' class='av-magazine-thumbnail-link'><img decoding=\"async\" width=\"80\" height=\"80\" src=\"https:\/\/dirisukilisesi.org\/wp-content\/uploads\/2019\/09\/BatuhanAtes01-150x150.jpg\" class=\"wp-image-6815 avia-img-lazy-loading-not-6815 attachment-thumbnail size-thumbnail wp-post-image\" alt=\"\" srcset=\"https:\/\/dirisukilisesi.org\/wp-content\/uploads\/2019\/09\/BatuhanAtes01-150x150.jpg 150w, https:\/\/dirisukilisesi.org\/wp-content\/uploads\/2019\/09\/BatuhanAtes01-36x36.jpg 36w, https:\/\/dirisukilisesi.org\/wp-content\/uploads\/2019\/09\/BatuhanAtes01-180x180.jpg 180w, https:\/\/dirisukilisesi.org\/wp-content\/uploads\/2019\/09\/BatuhanAtes01-120x120.jpg 120w\" sizes=\"(max-width: 80px) 100vw, 80px\" \/><\/a><\/div><div class=\"av-magazine-content-wrap\"><header class=\"entry-content-header\"><time class='av-magazine-time updated'  itemprop=\"datePublished\" datetime=\"2019-08-18T21:29:11+03:00\" >18 A\u011fustos 2019<\/time><h3 class='av-magazine-title entry-title '  itemprop=\"headline\" ><a href='https:\/\/dirisukilisesi.org\/index.php\/2019\/08\/18\/tanrisal-merhamet\/' title='\u015euraya linkle:  Tanr\u0131sal Merhamet'>Tanr\u0131sal Merhamet<\/a><\/h3><\/header><\/div><footer class=\"entry-footer\"><\/footer><\/article><article class='av-magazine-entry av-magazine-entry-id-6792 av-magazine-format-standard av-magazine-type-post av-magazine-entry-24 av-magazine-entry-small '  itemscope=\"itemscope\" itemtype=\"https:\/\/schema.org\/CreativeWork\" ><div class=\"av-magazine-thumbnail\"><a href='https:\/\/dirisukilisesi.org\/index.php\/2019\/08\/04\/dirisu-pinarindan-icmek\/' title='\u015euraya linkle:  Dirisu P\u0131nar\u0131ndan \u0130\u00e7mek' class='av-magazine-thumbnail-link'><img decoding=\"async\" width=\"80\" height=\"80\" src=\"https:\/\/dirisukilisesi.org\/wp-content\/uploads\/2019\/08\/AlperVaaz41-150x150.jpg\" class=\"wp-image-6796 avia-img-lazy-loading-not-6796 attachment-thumbnail size-thumbnail wp-post-image\" alt=\"\" srcset=\"https:\/\/dirisukilisesi.org\/wp-content\/uploads\/2019\/08\/AlperVaaz41-150x150.jpg 150w, https:\/\/dirisukilisesi.org\/wp-content\/uploads\/2019\/08\/AlperVaaz41-36x36.jpg 36w, https:\/\/dirisukilisesi.org\/wp-content\/uploads\/2019\/08\/AlperVaaz41-180x180.jpg 180w, https:\/\/dirisukilisesi.org\/wp-content\/uploads\/2019\/08\/AlperVaaz41-120x120.jpg 120w\" sizes=\"(max-width: 80px) 100vw, 80px\" \/><\/a><\/div><div class=\"av-magazine-content-wrap\"><header class=\"entry-content-header\"><time class='av-magazine-time updated'  itemprop=\"datePublished\" datetime=\"2019-08-04T15:17:18+03:00\" >4 A\u011fustos 2019<\/time><h3 class='av-magazine-title entry-title '  itemprop=\"headline\" ><a href='https:\/\/dirisukilisesi.org\/index.php\/2019\/08\/04\/dirisu-pinarindan-icmek\/' title='\u015euraya linkle:  Dirisu P\u0131nar\u0131ndan \u0130\u00e7mek'>Dirisu P\u0131nar\u0131ndan \u0130\u00e7mek<\/a><\/h3><\/header><\/div><footer class=\"entry-footer\"><\/footer><\/article><article class='av-magazine-entry av-magazine-entry-id-6777 av-magazine-format-standard av-magazine-type-post av-magazine-entry-25 av-magazine-entry-small '  itemscope=\"itemscope\" itemtype=\"https:\/\/schema.org\/CreativeWork\" ><div class=\"av-magazine-thumbnail\"><a href='https:\/\/dirisukilisesi.org\/index.php\/2019\/07\/28\/cesaret-odul-kazandirir\/' title='\u015euraya linkle:  Cesaret \u00d6d\u00fcl Kazand\u0131r\u0131r' class='av-magazine-thumbnail-link'><img decoding=\"async\" width=\"80\" height=\"80\" src=\"https:\/\/dirisukilisesi.org\/wp-content\/uploads\/2018\/09\/BedriVaaz53-150x150.jpg\" class=\"wp-image-5559 avia-img-lazy-loading-not-5559 attachment-thumbnail size-thumbnail wp-post-image\" alt=\"\" srcset=\"https:\/\/dirisukilisesi.org\/wp-content\/uploads\/2018\/09\/BedriVaaz53-150x150.jpg 150w, https:\/\/dirisukilisesi.org\/wp-content\/uploads\/2018\/09\/BedriVaaz53-36x36.jpg 36w, https:\/\/dirisukilisesi.org\/wp-content\/uploads\/2018\/09\/BedriVaaz53-180x180.jpg 180w, https:\/\/dirisukilisesi.org\/wp-content\/uploads\/2018\/09\/BedriVaaz53-120x120.jpg 120w\" sizes=\"(max-width: 80px) 100vw, 80px\" \/><\/a><\/div><div class=\"av-magazine-content-wrap\"><header class=\"entry-content-header\"><time class='av-magazine-time updated'  itemprop=\"datePublished\" datetime=\"2019-07-28T23:35:36+03:00\" >28 Temmuz 2019<\/time><h3 class='av-magazine-title entry-title '  itemprop=\"headline\" ><a href='https:\/\/dirisukilisesi.org\/index.php\/2019\/07\/28\/cesaret-odul-kazandirir\/' title='\u015euraya linkle:  Cesaret \u00d6d\u00fcl Kazand\u0131r\u0131r'>Cesaret \u00d6d\u00fcl Kazand\u0131r\u0131r<\/a><\/h3><\/header><\/div><footer class=\"entry-footer\"><\/footer><\/article><article class='av-magazine-entry av-magazine-entry-id-6768 av-magazine-format-standard av-magazine-type-post av-magazine-entry-26 av-magazine-entry-small '  itemscope=\"itemscope\" itemtype=\"https:\/\/schema.org\/CreativeWork\" ><div class=\"av-magazine-thumbnail\"><a href='https:\/\/dirisukilisesi.org\/index.php\/2019\/07\/21\/sikintilarda-sabretmek\/' title='\u015euraya linkle:  S\u0131k\u0131nt\u0131larda Sabretmek' class='av-magazine-thumbnail-link'><img decoding=\"async\" width=\"80\" height=\"80\" src=\"https:\/\/dirisukilisesi.org\/wp-content\/uploads\/2019\/07\/NuhVaaz03-150x150.jpg\" class=\"wp-image-6773 avia-img-lazy-loading-not-6773 attachment-thumbnail size-thumbnail wp-post-image\" alt=\"\" srcset=\"https:\/\/dirisukilisesi.org\/wp-content\/uploads\/2019\/07\/NuhVaaz03-150x150.jpg 150w, https:\/\/dirisukilisesi.org\/wp-content\/uploads\/2019\/07\/NuhVaaz03-36x36.jpg 36w, https:\/\/dirisukilisesi.org\/wp-content\/uploads\/2019\/07\/NuhVaaz03-180x180.jpg 180w, https:\/\/dirisukilisesi.org\/wp-content\/uploads\/2019\/07\/NuhVaaz03-120x120.jpg 120w\" sizes=\"(max-width: 80px) 100vw, 80px\" \/><\/a><\/div><div class=\"av-magazine-content-wrap\"><header class=\"entry-content-header\"><time class='av-magazine-time updated'  itemprop=\"datePublished\" datetime=\"2019-07-21T01:06:50+03:00\" >21 Temmuz 2019<\/time><h3 class='av-magazine-title entry-title '  itemprop=\"headline\" ><a href='https:\/\/dirisukilisesi.org\/index.php\/2019\/07\/21\/sikintilarda-sabretmek\/' title='\u015euraya linkle:  S\u0131k\u0131nt\u0131larda Sabretmek'>S\u0131k\u0131nt\u0131larda Sabretmek<\/a><\/h3><\/header><\/div><footer class=\"entry-footer\"><\/footer><\/article><article class='av-magazine-entry av-magazine-entry-id-6758 av-magazine-format-standard av-magazine-type-post av-magazine-entry-27 av-magazine-entry-small '  itemscope=\"itemscope\" itemtype=\"https:\/\/schema.org\/CreativeWork\" ><div class=\"av-magazine-thumbnail\"><a href='https:\/\/dirisukilisesi.org\/index.php\/2019\/06\/23\/bizler-dunyayi-bereketleyen-kisileriz\/' title='\u015euraya linkle:  Bizler D\u00fcnyay\u0131 Bereketleyen Ki\u015fileriz' class='av-magazine-thumbnail-link'><img decoding=\"async\" width=\"80\" height=\"80\" src=\"https:\/\/dirisukilisesi.org\/wp-content\/uploads\/2019\/06\/AlperVaaz40-150x150.jpg\" class=\"wp-image-6765 avia-img-lazy-loading-not-6765 attachment-thumbnail size-thumbnail wp-post-image\" alt=\"\" srcset=\"https:\/\/dirisukilisesi.org\/wp-content\/uploads\/2019\/06\/AlperVaaz40-150x150.jpg 150w, https:\/\/dirisukilisesi.org\/wp-content\/uploads\/2019\/06\/AlperVaaz40-36x36.jpg 36w, https:\/\/dirisukilisesi.org\/wp-content\/uploads\/2019\/06\/AlperVaaz40-180x180.jpg 180w, https:\/\/dirisukilisesi.org\/wp-content\/uploads\/2019\/06\/AlperVaaz40-120x120.jpg 120w\" sizes=\"(max-width: 80px) 100vw, 80px\" \/><\/a><\/div><div class=\"av-magazine-content-wrap\"><header class=\"entry-content-header\"><time class='av-magazine-time updated'  itemprop=\"datePublished\" datetime=\"2019-06-23T12:39:00+03:00\" >23 Haziran 2019<\/time><h3 class='av-magazine-title entry-title '  itemprop=\"headline\" ><a href='https:\/\/dirisukilisesi.org\/index.php\/2019\/06\/23\/bizler-dunyayi-bereketleyen-kisileriz\/' title='\u015euraya linkle:  Bizler D\u00fcnyay\u0131 Bereketleyen Ki\u015fileriz'>Bizler D\u00fcnyay\u0131 Bereketleyen Ki\u015fileriz<\/a><\/h3><\/header><\/div><footer class=\"entry-footer\"><\/footer><\/article><article class='av-magazine-entry av-magazine-entry-id-6756 av-magazine-format-standard av-magazine-type-post av-magazine-entry-28 av-magazine-entry-small '  itemscope=\"itemscope\" itemtype=\"https:\/\/schema.org\/CreativeWork\" ><div class=\"av-magazine-thumbnail\"><a href='https:\/\/dirisukilisesi.org\/index.php\/2019\/06\/16\/incili-duyurmak-gorevimizdir\/' title='\u015euraya linkle:  \u0130ncil&#8217;i Duyurmak G\u00f6revimizdir' class='av-magazine-thumbnail-link'><img decoding=\"async\" width=\"80\" height=\"80\" src=\"https:\/\/dirisukilisesi.org\/wp-content\/uploads\/2019\/06\/AdemVaaz42-150x150.jpg\" class=\"wp-image-6764 avia-img-lazy-loading-not-6764 attachment-thumbnail size-thumbnail wp-post-image\" alt=\"\" srcset=\"https:\/\/dirisukilisesi.org\/wp-content\/uploads\/2019\/06\/AdemVaaz42-150x150.jpg 150w, https:\/\/dirisukilisesi.org\/wp-content\/uploads\/2019\/06\/AdemVaaz42-36x36.jpg 36w, https:\/\/dirisukilisesi.org\/wp-content\/uploads\/2019\/06\/AdemVaaz42-180x180.jpg 180w, https:\/\/dirisukilisesi.org\/wp-content\/uploads\/2019\/06\/AdemVaaz42-120x120.jpg 120w\" sizes=\"(max-width: 80px) 100vw, 80px\" \/><\/a><\/div><div class=\"av-magazine-content-wrap\"><header class=\"entry-content-header\"><time class='av-magazine-time updated'  itemprop=\"datePublished\" datetime=\"2019-06-16T12:36:52+03:00\" >16 Haziran 2019<\/time><h3 class='av-magazine-title entry-title '  itemprop=\"headline\" ><a href='https:\/\/dirisukilisesi.org\/index.php\/2019\/06\/16\/incili-duyurmak-gorevimizdir\/' title='\u015euraya linkle:  \u0130ncil&#8217;i Duyurmak G\u00f6revimizdir'>\u0130ncil&#8217;i Duyurmak G\u00f6revimizdir<\/a><\/h3><\/header><\/div><footer class=\"entry-footer\"><\/footer><\/article><article class='av-magazine-entry av-magazine-entry-id-6729 av-magazine-format-standard av-magazine-type-post av-magazine-entry-29 av-magazine-entry-small '  itemscope=\"itemscope\" itemtype=\"https:\/\/schema.org\/CreativeWork\" ><div class=\"av-magazine-thumbnail\"><a href='https:\/\/dirisukilisesi.org\/index.php\/2019\/05\/19\/dikenli-tac\/' title='\u015euraya linkle:  Dikenli Ta\u00e7' class='av-magazine-thumbnail-link'><img decoding=\"async\" width=\"80\" height=\"80\" src=\"https:\/\/dirisukilisesi.org\/wp-content\/uploads\/2019\/05\/HasanVaaz24-150x150.jpg\" class=\"wp-image-6733 avia-img-lazy-loading-not-6733 attachment-thumbnail size-thumbnail wp-post-image\" alt=\"\" srcset=\"https:\/\/dirisukilisesi.org\/wp-content\/uploads\/2019\/05\/HasanVaaz24-150x150.jpg 150w, https:\/\/dirisukilisesi.org\/wp-content\/uploads\/2019\/05\/HasanVaaz24-36x36.jpg 36w, https:\/\/dirisukilisesi.org\/wp-content\/uploads\/2019\/05\/HasanVaaz24-180x180.jpg 180w, https:\/\/dirisukilisesi.org\/wp-content\/uploads\/2019\/05\/HasanVaaz24-120x120.jpg 120w\" sizes=\"(max-width: 80px) 100vw, 80px\" \/><\/a><\/div><div class=\"av-magazine-content-wrap\"><header class=\"entry-content-header\"><time class='av-magazine-time updated'  itemprop=\"datePublished\" datetime=\"2019-05-19T17:26:21+03:00\" >19 May\u0131s 2019<\/time><h3 class='av-magazine-title entry-title '  itemprop=\"headline\" ><a href='https:\/\/dirisukilisesi.org\/index.php\/2019\/05\/19\/dikenli-tac\/' title='\u015euraya linkle:  Dikenli Ta\u00e7'>Dikenli Ta\u00e7<\/a><\/h3><\/header><\/div><footer class=\"entry-footer\"><\/footer><\/article><article class='av-magazine-entry av-magazine-entry-id-6720 av-magazine-format-standard av-magazine-type-post av-magazine-entry-30 av-magazine-entry-small '  itemscope=\"itemscope\" itemtype=\"https:\/\/schema.org\/CreativeWork\" ><div class=\"av-magazine-thumbnail\"><a href='https:\/\/dirisukilisesi.org\/index.php\/2019\/05\/12\/benlige-olup-ruhca-dirildik\/' title='\u015euraya linkle:  Benli\u011fe \u00d6l\u00fcp Ruh\u00e7a Dirildik' class='av-magazine-thumbnail-link'><img decoding=\"async\" width=\"80\" height=\"80\" src=\"https:\/\/dirisukilisesi.org\/wp-content\/uploads\/2019\/05\/AlperVaaz39-150x150.jpg\" class=\"wp-image-6724 avia-img-lazy-loading-not-6724 attachment-thumbnail size-thumbnail wp-post-image\" alt=\"\" srcset=\"https:\/\/dirisukilisesi.org\/wp-content\/uploads\/2019\/05\/AlperVaaz39-150x150.jpg 150w, https:\/\/dirisukilisesi.org\/wp-content\/uploads\/2019\/05\/AlperVaaz39-36x36.jpg 36w, https:\/\/dirisukilisesi.org\/wp-content\/uploads\/2019\/05\/AlperVaaz39-180x180.jpg 180w, https:\/\/dirisukilisesi.org\/wp-content\/uploads\/2019\/05\/AlperVaaz39-120x120.jpg 120w\" sizes=\"(max-width: 80px) 100vw, 80px\" \/><\/a><\/div><div class=\"av-magazine-content-wrap\"><header class=\"entry-content-header\"><time class='av-magazine-time updated'  itemprop=\"datePublished\" datetime=\"2019-05-12T03:42:49+03:00\" >12 May\u0131s 2019<\/time><h3 class='av-magazine-title entry-title '  itemprop=\"headline\" ><a href='https:\/\/dirisukilisesi.org\/index.php\/2019\/05\/12\/benlige-olup-ruhca-dirildik\/' title='\u015euraya linkle:  Benli\u011fe \u00d6l\u00fcp Ruh\u00e7a Dirildik'>Benli\u011fe \u00d6l\u00fcp Ruh\u00e7a Dirildik<\/a><\/h3><\/header><\/div><footer class=\"entry-footer\"><\/footer><\/article><article class='av-magazine-entry av-magazine-entry-id-6708 av-magazine-format-standard av-magazine-type-post av-magazine-entry-31 av-magazine-entry-small '  itemscope=\"itemscope\" itemtype=\"https:\/\/schema.org\/CreativeWork\" ><div class=\"av-magazine-thumbnail\"><a href='https:\/\/dirisukilisesi.org\/index.php\/2019\/05\/05\/dualarimiz-ve-cevaplari\/' title='\u015euraya linkle:  Dualar\u0131m\u0131z ve Cevaplar\u0131' class='av-magazine-thumbnail-link'><img decoding=\"async\" width=\"80\" height=\"80\" src=\"https:\/\/dirisukilisesi.org\/wp-content\/uploads\/2019\/05\/KemalVaaz01-150x150.jpg\" class=\"wp-image-6712 avia-img-lazy-loading-not-6712 attachment-thumbnail size-thumbnail wp-post-image\" alt=\"\" srcset=\"https:\/\/dirisukilisesi.org\/wp-content\/uploads\/2019\/05\/KemalVaaz01-150x150.jpg 150w, https:\/\/dirisukilisesi.org\/wp-content\/uploads\/2019\/05\/KemalVaaz01-36x36.jpg 36w, https:\/\/dirisukilisesi.org\/wp-content\/uploads\/2019\/05\/KemalVaaz01-180x180.jpg 180w, https:\/\/dirisukilisesi.org\/wp-content\/uploads\/2019\/05\/KemalVaaz01-120x120.jpg 120w\" sizes=\"(max-width: 80px) 100vw, 80px\" \/><\/a><\/div><div class=\"av-magazine-content-wrap\"><header class=\"entry-content-header\"><time class='av-magazine-time updated'  itemprop=\"datePublished\" datetime=\"2019-05-05T19:36:19+03:00\" >5 May\u0131s 2019<\/time><h3 class='av-magazine-title entry-title '  itemprop=\"headline\" ><a href='https:\/\/dirisukilisesi.org\/index.php\/2019\/05\/05\/dualarimiz-ve-cevaplari\/' title='\u015euraya linkle:  Dualar\u0131m\u0131z ve Cevaplar\u0131'>Dualar\u0131m\u0131z ve Cevaplar\u0131<\/a><\/h3><\/header><\/div><footer class=\"entry-footer\"><\/footer><\/article><article class='av-magazine-entry av-magazine-entry-id-6694 av-magazine-format-standard av-magazine-type-post av-magazine-entry-32 av-magazine-entry-small '  itemscope=\"itemscope\" itemtype=\"https:\/\/schema.org\/CreativeWork\" ><div class=\"av-magazine-thumbnail\"><a href='https:\/\/dirisukilisesi.org\/index.php\/2019\/04\/21\/mesih-olumlu-kaderimizi-degistirdi\/' title='\u015euraya linkle:  Mesih \u00d6l\u00fcml\u00fc Kaderimizi De\u011fi\u015ftirdi' class='av-magazine-thumbnail-link'><img decoding=\"async\" width=\"80\" height=\"80\" src=\"https:\/\/dirisukilisesi.org\/wp-content\/uploads\/2019\/04\/BedriVaaz56-150x150.jpg\" class=\"wp-image-6697 avia-img-lazy-loading-not-6697 attachment-thumbnail size-thumbnail wp-post-image\" alt=\"\" srcset=\"https:\/\/dirisukilisesi.org\/wp-content\/uploads\/2019\/04\/BedriVaaz56-150x150.jpg 150w, https:\/\/dirisukilisesi.org\/wp-content\/uploads\/2019\/04\/BedriVaaz56-36x36.jpg 36w, https:\/\/dirisukilisesi.org\/wp-content\/uploads\/2019\/04\/BedriVaaz56-180x180.jpg 180w, https:\/\/dirisukilisesi.org\/wp-content\/uploads\/2019\/04\/BedriVaaz56-120x120.jpg 120w\" sizes=\"(max-width: 80px) 100vw, 80px\" \/><\/a><\/div><div class=\"av-magazine-content-wrap\"><header class=\"entry-content-header\"><time class='av-magazine-time updated'  itemprop=\"datePublished\" datetime=\"2019-04-21T16:54:21+03:00\" >21 Nisan 2019<\/time><h3 class='av-magazine-title entry-title '  itemprop=\"headline\" ><a href='https:\/\/dirisukilisesi.org\/index.php\/2019\/04\/21\/mesih-olumlu-kaderimizi-degistirdi\/' title='\u015euraya linkle:  Mesih \u00d6l\u00fcml\u00fc Kaderimizi De\u011fi\u015ftirdi'>Mesih \u00d6l\u00fcml\u00fc Kaderimizi De\u011fi\u015ftirdi<\/a><\/h3><\/header><\/div><footer class=\"entry-footer\"><\/footer><\/article><article class='av-magazine-entry av-magazine-entry-id-6686 av-magazine-format-standard av-magazine-type-post av-magazine-entry-33 av-magazine-entry-small '  itemscope=\"itemscope\" itemtype=\"https:\/\/schema.org\/CreativeWork\" ><div class=\"av-magazine-thumbnail\"><a href='https:\/\/dirisukilisesi.org\/index.php\/2019\/04\/14\/mesih-kutsal-ruhla-vaftiz-edendir\/' title='\u015euraya linkle:  Mesih Kutsal Ruh&#8217;la Vaftiz Edendir' class='av-magazine-thumbnail-link'><img decoding=\"async\" width=\"80\" height=\"80\" src=\"https:\/\/dirisukilisesi.org\/wp-content\/uploads\/2019\/04\/AdemVaaz41-150x150.jpg\" class=\"wp-image-6693 avia-img-lazy-loading-not-6693 attachment-thumbnail size-thumbnail wp-post-image\" alt=\"\" srcset=\"https:\/\/dirisukilisesi.org\/wp-content\/uploads\/2019\/04\/AdemVaaz41-150x150.jpg 150w, https:\/\/dirisukilisesi.org\/wp-content\/uploads\/2019\/04\/AdemVaaz41-36x36.jpg 36w, https:\/\/dirisukilisesi.org\/wp-content\/uploads\/2019\/04\/AdemVaaz41-180x180.jpg 180w, https:\/\/dirisukilisesi.org\/wp-content\/uploads\/2019\/04\/AdemVaaz41-120x120.jpg 120w\" sizes=\"(max-width: 80px) 100vw, 80px\" \/><\/a><\/div><div class=\"av-magazine-content-wrap\"><header class=\"entry-content-header\"><time class='av-magazine-time updated'  itemprop=\"datePublished\" datetime=\"2019-04-14T16:41:47+03:00\" >14 Nisan 2019<\/time><h3 class='av-magazine-title entry-title '  itemprop=\"headline\" ><a href='https:\/\/dirisukilisesi.org\/index.php\/2019\/04\/14\/mesih-kutsal-ruhla-vaftiz-edendir\/' title='\u015euraya linkle:  Mesih Kutsal Ruh&#8217;la Vaftiz Edendir'>Mesih Kutsal Ruh&#8217;la Vaftiz Edendir<\/a><\/h3><\/header><\/div><footer class=\"entry-footer\"><\/footer><\/article><article class='av-magazine-entry av-magazine-entry-id-6677 av-magazine-format-standard av-magazine-type-post av-magazine-entry-34 av-magazine-entry-small '  itemscope=\"itemscope\" itemtype=\"https:\/\/schema.org\/CreativeWork\" ><div class=\"av-magazine-thumbnail\"><a href='https:\/\/dirisukilisesi.org\/index.php\/2019\/03\/31\/rabbe-bagli-kalmaliyiz\/' title='\u015euraya linkle:  Rab&#8217;be Ba\u011fl\u0131 Kalmal\u0131y\u0131z' class='av-magazine-thumbnail-link'><img decoding=\"async\" width=\"80\" height=\"80\" src=\"https:\/\/dirisukilisesi.org\/wp-content\/uploads\/2019\/03\/MisakGreigoryan02-150x150.jpg\" class=\"wp-image-6681 avia-img-lazy-loading-not-6681 attachment-thumbnail size-thumbnail wp-post-image\" alt=\"\" srcset=\"https:\/\/dirisukilisesi.org\/wp-content\/uploads\/2019\/03\/MisakGreigoryan02-150x150.jpg 150w, https:\/\/dirisukilisesi.org\/wp-content\/uploads\/2019\/03\/MisakGreigoryan02-36x36.jpg 36w, https:\/\/dirisukilisesi.org\/wp-content\/uploads\/2019\/03\/MisakGreigoryan02-180x180.jpg 180w, https:\/\/dirisukilisesi.org\/wp-content\/uploads\/2019\/03\/MisakGreigoryan02-120x120.jpg 120w\" sizes=\"(max-width: 80px) 100vw, 80px\" \/><\/a><\/div><div class=\"av-magazine-content-wrap\"><header class=\"entry-content-header\"><time class='av-magazine-time updated'  itemprop=\"datePublished\" datetime=\"2019-03-31T03:25:15+03:00\" >31 Mart 2019<\/time><h3 class='av-magazine-title entry-title '  itemprop=\"headline\" ><a href='https:\/\/dirisukilisesi.org\/index.php\/2019\/03\/31\/rabbe-bagli-kalmaliyiz\/' title='\u015euraya linkle:  Rab&#8217;be Ba\u011fl\u0131 Kalmal\u0131y\u0131z'>Rab&#8217;be Ba\u011fl\u0131 Kalmal\u0131y\u0131z<\/a><\/h3><\/header><\/div><footer class=\"entry-footer\"><\/footer><\/article><article class='av-magazine-entry av-magazine-entry-id-6594 av-magazine-format-standard av-magazine-type-post av-magazine-entry-35 av-magazine-entry-small '  itemscope=\"itemscope\" itemtype=\"https:\/\/schema.org\/CreativeWork\" ><div class=\"av-magazine-thumbnail\"><a href='https:\/\/dirisukilisesi.org\/index.php\/2019\/03\/24\/yeryuzunde-tanrinin-istegi-olsun-2\/' title='\u015euraya linkle:  Yery\u00fcz\u00fcnde Tanr\u0131\u2019n\u0131n \u0130ste\u011fi Olsun' class='av-magazine-thumbnail-link'><img decoding=\"async\" width=\"80\" height=\"80\" src=\"https:\/\/dirisukilisesi.org\/wp-content\/uploads\/2019\/03\/AlperVaaz38-150x150.jpg\" class=\"wp-image-6666 avia-img-lazy-loading-not-6666 attachment-thumbnail size-thumbnail wp-post-image\" alt=\"\" srcset=\"https:\/\/dirisukilisesi.org\/wp-content\/uploads\/2019\/03\/AlperVaaz38-150x150.jpg 150w, https:\/\/dirisukilisesi.org\/wp-content\/uploads\/2019\/03\/AlperVaaz38-36x36.jpg 36w, https:\/\/dirisukilisesi.org\/wp-content\/uploads\/2019\/03\/AlperVaaz38-180x180.jpg 180w, https:\/\/dirisukilisesi.org\/wp-content\/uploads\/2019\/03\/AlperVaaz38-120x120.jpg 120w\" sizes=\"(max-width: 80px) 100vw, 80px\" \/><\/a><\/div><div class=\"av-magazine-content-wrap\"><header class=\"entry-content-header\"><time class='av-magazine-time updated'  itemprop=\"datePublished\" datetime=\"2019-03-24T14:40:45+03:00\" >24 Mart 2019<\/time><h3 class='av-magazine-title entry-title '  itemprop=\"headline\" ><a href='https:\/\/dirisukilisesi.org\/index.php\/2019\/03\/24\/yeryuzunde-tanrinin-istegi-olsun-2\/' title='\u015euraya linkle:  Yery\u00fcz\u00fcnde Tanr\u0131\u2019n\u0131n \u0130ste\u011fi Olsun'>Yery\u00fcz\u00fcnde Tanr\u0131\u2019n\u0131n \u0130ste\u011fi Olsun<\/a><\/h3><\/header><\/div><footer class=\"entry-footer\"><\/footer><\/article><article class='av-magazine-entry av-magazine-entry-id-6480 av-magazine-format-standard av-magazine-type-post av-magazine-entry-36 av-magazine-entry-small '  itemscope=\"itemscope\" itemtype=\"https:\/\/schema.org\/CreativeWork\" ><div class=\"av-magazine-thumbnail\"><a href='https:\/\/dirisukilisesi.org\/index.php\/2019\/03\/17\/mesihin-tanigi\/' title='\u015euraya linkle:  Mesih&#8217;in Tan\u0131\u011f\u0131' class='av-magazine-thumbnail-link'><img decoding=\"async\" width=\"80\" height=\"80\" src=\"https:\/\/dirisukilisesi.org\/wp-content\/uploads\/2019\/03\/Sungho04-150x150.jpg\" class=\"wp-image-6483 avia-img-lazy-loading-not-6483 attachment-thumbnail size-thumbnail wp-post-image\" alt=\"\" srcset=\"https:\/\/dirisukilisesi.org\/wp-content\/uploads\/2019\/03\/Sungho04-150x150.jpg 150w, https:\/\/dirisukilisesi.org\/wp-content\/uploads\/2019\/03\/Sungho04-36x36.jpg 36w, https:\/\/dirisukilisesi.org\/wp-content\/uploads\/2019\/03\/Sungho04-180x180.jpg 180w, https:\/\/dirisukilisesi.org\/wp-content\/uploads\/2019\/03\/Sungho04-120x120.jpg 120w\" sizes=\"(max-width: 80px) 100vw, 80px\" \/><\/a><\/div><div class=\"av-magazine-content-wrap\"><header class=\"entry-content-header\"><time class='av-magazine-time updated'  itemprop=\"datePublished\" datetime=\"2019-03-17T14:16:09+03:00\" >17 Mart 2019<\/time><h3 class='av-magazine-title entry-title '  itemprop=\"headline\" ><a href='https:\/\/dirisukilisesi.org\/index.php\/2019\/03\/17\/mesihin-tanigi\/' title='\u015euraya linkle:  Mesih&#8217;in Tan\u0131\u011f\u0131'>Mesih&#8217;in Tan\u0131\u011f\u0131<\/a><\/h3><\/header><\/div><footer class=\"entry-footer\"><\/footer><\/article><article class='av-magazine-entry av-magazine-entry-id-6474 av-magazine-format-standard av-magazine-type-post av-magazine-entry-37 av-magazine-entry-small '  itemscope=\"itemscope\" itemtype=\"https:\/\/schema.org\/CreativeWork\" ><div class=\"av-magazine-thumbnail\"><a href='https:\/\/dirisukilisesi.org\/index.php\/2019\/03\/10\/yenilenen-yasamimiz\/' title='\u015euraya linkle:  Yenilenen Ya\u015fam\u0131m\u0131z' class='av-magazine-thumbnail-link'><img decoding=\"async\" width=\"80\" height=\"80\" src=\"https:\/\/dirisukilisesi.org\/wp-content\/uploads\/2019\/03\/AdemVaaz40-150x150.jpg\" class=\"wp-image-6479 avia-img-lazy-loading-not-6479 attachment-thumbnail size-thumbnail wp-post-image\" alt=\"\" srcset=\"https:\/\/dirisukilisesi.org\/wp-content\/uploads\/2019\/03\/AdemVaaz40-150x150.jpg 150w, https:\/\/dirisukilisesi.org\/wp-content\/uploads\/2019\/03\/AdemVaaz40-36x36.jpg 36w, https:\/\/dirisukilisesi.org\/wp-content\/uploads\/2019\/03\/AdemVaaz40-180x180.jpg 180w, https:\/\/dirisukilisesi.org\/wp-content\/uploads\/2019\/03\/AdemVaaz40-120x120.jpg 120w\" sizes=\"(max-width: 80px) 100vw, 80px\" \/><\/a><\/div><div class=\"av-magazine-content-wrap\"><header class=\"entry-content-header\"><time class='av-magazine-time updated'  itemprop=\"datePublished\" datetime=\"2019-03-10T14:08:59+03:00\" >10 Mart 2019<\/time><h3 class='av-magazine-title entry-title '  itemprop=\"headline\" ><a href='https:\/\/dirisukilisesi.org\/index.php\/2019\/03\/10\/yenilenen-yasamimiz\/' title='\u015euraya linkle:  Yenilenen Ya\u015fam\u0131m\u0131z'>Yenilenen Ya\u015fam\u0131m\u0131z<\/a><\/h3><\/header><\/div><footer class=\"entry-footer\"><\/footer><\/article><article class='av-magazine-entry av-magazine-entry-id-6434 av-magazine-format-standard av-magazine-type-post av-magazine-entry-38 av-magazine-entry-small '  itemscope=\"itemscope\" itemtype=\"https:\/\/schema.org\/CreativeWork\" ><div class=\"av-magazine-thumbnail\"><a href='https:\/\/dirisukilisesi.org\/index.php\/2019\/03\/03\/dua-tanriyla-konusmaktir\/' title='\u015euraya linkle:  Dua Tanr\u0131&#8217;yla Konu\u015fmakt\u0131r' class='av-magazine-thumbnail-link'><img decoding=\"async\" width=\"80\" height=\"80\" src=\"https:\/\/dirisukilisesi.org\/wp-content\/uploads\/2019\/03\/CucanVaaz26-150x150.jpg\" class=\"wp-image-6440 avia-img-lazy-loading-not-6440 attachment-thumbnail size-thumbnail wp-post-image\" alt=\"\" srcset=\"https:\/\/dirisukilisesi.org\/wp-content\/uploads\/2019\/03\/CucanVaaz26-150x150.jpg 150w, https:\/\/dirisukilisesi.org\/wp-content\/uploads\/2019\/03\/CucanVaaz26-36x36.jpg 36w, https:\/\/dirisukilisesi.org\/wp-content\/uploads\/2019\/03\/CucanVaaz26-180x180.jpg 180w, https:\/\/dirisukilisesi.org\/wp-content\/uploads\/2019\/03\/CucanVaaz26-120x120.jpg 120w\" sizes=\"(max-width: 80px) 100vw, 80px\" \/><\/a><\/div><div class=\"av-magazine-content-wrap\"><header class=\"entry-content-header\"><time class='av-magazine-time updated'  itemprop=\"datePublished\" datetime=\"2019-03-03T19:20:30+03:00\" >3 Mart 2019<\/time><h3 class='av-magazine-title entry-title '  itemprop=\"headline\" ><a href='https:\/\/dirisukilisesi.org\/index.php\/2019\/03\/03\/dua-tanriyla-konusmaktir\/' title='\u015euraya linkle:  Dua Tanr\u0131&#8217;yla Konu\u015fmakt\u0131r'>Dua Tanr\u0131&#8217;yla Konu\u015fmakt\u0131r<\/a><\/h3><\/header><\/div><footer class=\"entry-footer\"><\/footer><\/article><article class='av-magazine-entry av-magazine-entry-id-6441 av-magazine-format-standard av-magazine-type-post av-magazine-entry-39 av-magazine-entry-small '  itemscope=\"itemscope\" itemtype=\"https:\/\/schema.org\/CreativeWork\" ><div class=\"av-magazine-thumbnail\"><a href='https:\/\/dirisukilisesi.org\/index.php\/2019\/02\/24\/mesihi-tanimanin-ustun-degeri\/' title='\u015euraya linkle:  Mesih&#8217;i Tan\u0131man\u0131n \u00dcst\u00fcn De\u011feri' class='av-magazine-thumbnail-link'><img decoding=\"async\" width=\"80\" height=\"80\" src=\"https:\/\/dirisukilisesi.org\/wp-content\/uploads\/2019\/02\/BedriVaaz55-150x150.jpg\" class=\"wp-image-6444 avia-img-lazy-loading-not-6444 attachment-thumbnail size-thumbnail wp-post-image\" alt=\"\" srcset=\"https:\/\/dirisukilisesi.org\/wp-content\/uploads\/2019\/02\/BedriVaaz55-150x150.jpg 150w, https:\/\/dirisukilisesi.org\/wp-content\/uploads\/2019\/02\/BedriVaaz55-36x36.jpg 36w, https:\/\/dirisukilisesi.org\/wp-content\/uploads\/2019\/02\/BedriVaaz55-180x180.jpg 180w, https:\/\/dirisukilisesi.org\/wp-content\/uploads\/2019\/02\/BedriVaaz55-120x120.jpg 120w\" sizes=\"(max-width: 80px) 100vw, 80px\" \/><\/a><\/div><div class=\"av-magazine-content-wrap\"><header class=\"entry-content-header\"><time class='av-magazine-time updated'  itemprop=\"datePublished\" datetime=\"2019-02-24T19:28:27+03:00\" >24 \u015eubat 2019<\/time><h3 class='av-magazine-title entry-title '  itemprop=\"headline\" ><a href='https:\/\/dirisukilisesi.org\/index.php\/2019\/02\/24\/mesihi-tanimanin-ustun-degeri\/' title='\u015euraya linkle:  Mesih&#8217;i Tan\u0131man\u0131n \u00dcst\u00fcn De\u011feri'>Mesih&#8217;i Tan\u0131man\u0131n \u00dcst\u00fcn De\u011feri<\/a><\/h3><\/header><\/div><footer class=\"entry-footer\"><\/footer><\/article><article class='av-magazine-entry av-magazine-entry-id-6312 av-magazine-format-standard av-magazine-type-post av-magazine-entry-40 av-magazine-entry-small '  itemscope=\"itemscope\" itemtype=\"https:\/\/schema.org\/CreativeWork\" ><div class=\"av-magazine-thumbnail\"><a href='https:\/\/dirisukilisesi.org\/index.php\/2019\/02\/10\/yasam-veren-tanri-kuzusu\/' title='\u015euraya linkle:  Ya\u015fam Veren Tanr\u0131 Kuzusu' class='av-magazine-thumbnail-link'><img decoding=\"async\" width=\"80\" height=\"80\" src=\"https:\/\/dirisukilisesi.org\/wp-content\/uploads\/2019\/02\/HasanVaaz23-150x150.jpg\" class=\"wp-image-6315 avia-img-lazy-loading-not-6315 attachment-thumbnail size-thumbnail wp-post-image\" alt=\"\" srcset=\"https:\/\/dirisukilisesi.org\/wp-content\/uploads\/2019\/02\/HasanVaaz23-150x150.jpg 150w, https:\/\/dirisukilisesi.org\/wp-content\/uploads\/2019\/02\/HasanVaaz23-36x36.jpg 36w, https:\/\/dirisukilisesi.org\/wp-content\/uploads\/2019\/02\/HasanVaaz23-180x180.jpg 180w, https:\/\/dirisukilisesi.org\/wp-content\/uploads\/2019\/02\/HasanVaaz23-120x120.jpg 120w\" sizes=\"(max-width: 80px) 100vw, 80px\" \/><\/a><\/div><div class=\"av-magazine-content-wrap\"><header class=\"entry-content-header\"><time class='av-magazine-time updated'  itemprop=\"datePublished\" datetime=\"2019-02-10T14:19:09+03:00\" >10 \u015eubat 2019<\/time><h3 class='av-magazine-title entry-title '  itemprop=\"headline\" ><a href='https:\/\/dirisukilisesi.org\/index.php\/2019\/02\/10\/yasam-veren-tanri-kuzusu\/' title='\u015euraya linkle:  Ya\u015fam Veren Tanr\u0131 Kuzusu'>Ya\u015fam Veren Tanr\u0131 Kuzusu<\/a><\/h3><\/header><\/div><footer class=\"entry-footer\"><\/footer><\/article><article class='av-magazine-entry av-magazine-entry-id-6308 av-magazine-format-standard av-magazine-type-post av-magazine-entry-41 av-magazine-entry-small '  itemscope=\"itemscope\" itemtype=\"https:\/\/schema.org\/CreativeWork\" ><div class=\"av-magazine-thumbnail\"><a href='https:\/\/dirisukilisesi.org\/index.php\/2019\/02\/03\/tanri-saymanin-onemi\/' title='\u015euraya linkle:  Tanr\u0131 Sayman\u0131n \u00d6nemi' class='av-magazine-thumbnail-link'><img decoding=\"async\" width=\"80\" height=\"80\" src=\"https:\/\/dirisukilisesi.org\/wp-content\/uploads\/2019\/02\/AlperVaaz37-150x150.jpg\" class=\"wp-image-6311 avia-img-lazy-loading-not-6311 attachment-thumbnail size-thumbnail wp-post-image\" alt=\"\" srcset=\"https:\/\/dirisukilisesi.org\/wp-content\/uploads\/2019\/02\/AlperVaaz37-150x150.jpg 150w, https:\/\/dirisukilisesi.org\/wp-content\/uploads\/2019\/02\/AlperVaaz37-36x36.jpg 36w, https:\/\/dirisukilisesi.org\/wp-content\/uploads\/2019\/02\/AlperVaaz37-180x180.jpg 180w, https:\/\/dirisukilisesi.org\/wp-content\/uploads\/2019\/02\/AlperVaaz37-120x120.jpg 120w\" sizes=\"(max-width: 80px) 100vw, 80px\" \/><\/a><\/div><div class=\"av-magazine-content-wrap\"><header class=\"entry-content-header\"><time class='av-magazine-time updated'  itemprop=\"datePublished\" datetime=\"2019-02-03T14:12:11+03:00\" >3 \u015eubat 2019<\/time><h3 class='av-magazine-title entry-title '  itemprop=\"headline\" ><a href='https:\/\/dirisukilisesi.org\/index.php\/2019\/02\/03\/tanri-saymanin-onemi\/' title='\u015euraya linkle:  Tanr\u0131 Sayman\u0131n \u00d6nemi'>Tanr\u0131 Sayman\u0131n \u00d6nemi<\/a><\/h3><\/header><\/div><footer class=\"entry-footer\"><\/footer><\/article><article class='av-magazine-entry av-magazine-entry-id-6293 av-magazine-format-standard av-magazine-type-post av-magazine-entry-42 av-magazine-entry-small '  itemscope=\"itemscope\" itemtype=\"https:\/\/schema.org\/CreativeWork\" ><div class=\"av-magazine-thumbnail\"><a href='https:\/\/dirisukilisesi.org\/index.php\/2019\/01\/27\/tanriya-olan-ilk-sevgimiz\/' title='\u015euraya linkle:  Tanr\u0131&#8217;ya Olan \u0130lk Sevgimiz' class='av-magazine-thumbnail-link'><img decoding=\"async\" width=\"80\" height=\"80\" src=\"https:\/\/dirisukilisesi.org\/wp-content\/uploads\/2019\/01\/CuyunVaaz03-150x150.jpg\" class=\"wp-image-6296 avia-img-lazy-loading-not-6296 attachment-thumbnail size-thumbnail wp-post-image\" alt=\"\" srcset=\"https:\/\/dirisukilisesi.org\/wp-content\/uploads\/2019\/01\/CuyunVaaz03-150x150.jpg 150w, https:\/\/dirisukilisesi.org\/wp-content\/uploads\/2019\/01\/CuyunVaaz03-36x36.jpg 36w, https:\/\/dirisukilisesi.org\/wp-content\/uploads\/2019\/01\/CuyunVaaz03-180x180.jpg 180w, https:\/\/dirisukilisesi.org\/wp-content\/uploads\/2019\/01\/CuyunVaaz03-120x120.jpg 120w\" sizes=\"(max-width: 80px) 100vw, 80px\" \/><\/a><\/div><div class=\"av-magazine-content-wrap\"><header class=\"entry-content-header\"><time class='av-magazine-time updated'  itemprop=\"datePublished\" datetime=\"2019-01-27T23:52:00+03:00\" >27 Ocak 2019<\/time><h3 class='av-magazine-title entry-title '  itemprop=\"headline\" ><a href='https:\/\/dirisukilisesi.org\/index.php\/2019\/01\/27\/tanriya-olan-ilk-sevgimiz\/' title='\u015euraya linkle:  Tanr\u0131&#8217;ya Olan \u0130lk Sevgimiz'>Tanr\u0131&#8217;ya Olan \u0130lk Sevgimiz<\/a><\/h3><\/header><\/div><footer class=\"entry-footer\"><\/footer><\/article><article class='av-magazine-entry av-magazine-entry-id-6290 av-magazine-format-standard av-magazine-type-post av-magazine-entry-43 av-magazine-entry-small '  itemscope=\"itemscope\" itemtype=\"https:\/\/schema.org\/CreativeWork\" ><div class=\"av-magazine-thumbnail\"><a href='https:\/\/dirisukilisesi.org\/index.php\/2019\/01\/20\/ve-tanri-yusufla-beraberdi\/' title='\u015euraya linkle:  Ve Tanr\u0131 Yusuf&#8217;la Beraberdi' class='av-magazine-thumbnail-link'><img decoding=\"async\" width=\"80\" height=\"80\" src=\"https:\/\/dirisukilisesi.org\/wp-content\/uploads\/2018\/11\/Bedri-150x150.jpg\" class=\"wp-image-6008 avia-img-lazy-loading-not-6008 attachment-thumbnail size-thumbnail wp-post-image\" alt=\"\" srcset=\"https:\/\/dirisukilisesi.org\/wp-content\/uploads\/2018\/11\/Bedri-150x150.jpg 150w, https:\/\/dirisukilisesi.org\/wp-content\/uploads\/2018\/11\/Bedri-36x36.jpg 36w, https:\/\/dirisukilisesi.org\/wp-content\/uploads\/2018\/11\/Bedri-180x180.jpg 180w, https:\/\/dirisukilisesi.org\/wp-content\/uploads\/2018\/11\/Bedri-120x120.jpg 120w\" sizes=\"(max-width: 80px) 100vw, 80px\" \/><\/a><\/div><div class=\"av-magazine-content-wrap\"><header class=\"entry-content-header\"><time class='av-magazine-time updated'  itemprop=\"datePublished\" datetime=\"2019-01-20T23:36:42+03:00\" >20 Ocak 2019<\/time><h3 class='av-magazine-title entry-title '  itemprop=\"headline\" ><a href='https:\/\/dirisukilisesi.org\/index.php\/2019\/01\/20\/ve-tanri-yusufla-beraberdi\/' title='\u015euraya linkle:  Ve Tanr\u0131 Yusuf&#8217;la Beraberdi'>Ve Tanr\u0131 Yusuf&#8217;la Beraberdi<\/a><\/h3><\/header><\/div><footer class=\"entry-footer\"><\/footer><\/article><article class='av-magazine-entry av-magazine-entry-id-6278 av-magazine-format-standard av-magazine-type-post av-magazine-entry-44 av-magazine-entry-small '  itemscope=\"itemscope\" itemtype=\"https:\/\/schema.org\/CreativeWork\" ><div class=\"av-magazine-thumbnail\"><a href='https:\/\/dirisukilisesi.org\/index.php\/2019\/01\/20\/tanrisal-duzen\/' title='\u015euraya linkle:  Tanr\u0131sal D\u00fczen' class='av-magazine-thumbnail-link'><img decoding=\"async\" width=\"80\" height=\"80\" src=\"https:\/\/dirisukilisesi.org\/wp-content\/uploads\/2019\/01\/AdemVaaz39-150x150.jpg\" class=\"wp-image-6282 avia-img-lazy-loading-not-6282 attachment-thumbnail size-thumbnail wp-post-image\" alt=\"\" srcset=\"https:\/\/dirisukilisesi.org\/wp-content\/uploads\/2019\/01\/AdemVaaz39-150x150.jpg 150w, https:\/\/dirisukilisesi.org\/wp-content\/uploads\/2019\/01\/AdemVaaz39-36x36.jpg 36w, https:\/\/dirisukilisesi.org\/wp-content\/uploads\/2019\/01\/AdemVaaz39-180x180.jpg 180w, https:\/\/dirisukilisesi.org\/wp-content\/uploads\/2019\/01\/AdemVaaz39-120x120.jpg 120w\" sizes=\"(max-width: 80px) 100vw, 80px\" \/><\/a><\/div><div class=\"av-magazine-content-wrap\"><header class=\"entry-content-header\"><time class='av-magazine-time updated'  itemprop=\"datePublished\" datetime=\"2019-01-20T16:54:25+03:00\" >20 Ocak 2019<\/time><h3 class='av-magazine-title entry-title '  itemprop=\"headline\" ><a href='https:\/\/dirisukilisesi.org\/index.php\/2019\/01\/20\/tanrisal-duzen\/' title='\u015euraya linkle:  Tanr\u0131sal D\u00fczen'>Tanr\u0131sal D\u00fczen<\/a><\/h3><\/header><\/div><footer class=\"entry-footer\"><\/footer><\/article><article class='av-magazine-entry av-magazine-entry-id-6228 av-magazine-format-standard av-magazine-type-post av-magazine-entry-45 av-magazine-entry-small '  itemscope=\"itemscope\" itemtype=\"https:\/\/schema.org\/CreativeWork\" ><div class=\"av-magazine-thumbnail\"><a href='https:\/\/dirisukilisesi.org\/index.php\/2019\/01\/06\/tanri-yolumuzu-acar\/' title='\u015euraya linkle:  Tanr\u0131 Yolumuzu A\u00e7ar' class='av-magazine-thumbnail-link'><img decoding=\"async\" width=\"80\" height=\"80\" src=\"https:\/\/dirisukilisesi.org\/wp-content\/uploads\/2019\/01\/CucanVaaz25-150x150.jpg\" class=\"wp-image-6231 avia-img-lazy-loading-not-6231 attachment-thumbnail size-thumbnail wp-post-image\" alt=\"\" srcset=\"https:\/\/dirisukilisesi.org\/wp-content\/uploads\/2019\/01\/CucanVaaz25-150x150.jpg 150w, https:\/\/dirisukilisesi.org\/wp-content\/uploads\/2019\/01\/CucanVaaz25-36x36.jpg 36w, https:\/\/dirisukilisesi.org\/wp-content\/uploads\/2019\/01\/CucanVaaz25-180x180.jpg 180w, https:\/\/dirisukilisesi.org\/wp-content\/uploads\/2019\/01\/CucanVaaz25-120x120.jpg 120w\" sizes=\"(max-width: 80px) 100vw, 80px\" \/><\/a><\/div><div class=\"av-magazine-content-wrap\"><header class=\"entry-content-header\"><time class='av-magazine-time updated'  itemprop=\"datePublished\" datetime=\"2019-01-06T21:58:32+03:00\" >6 Ocak 2019<\/time><h3 class='av-magazine-title entry-title '  itemprop=\"headline\" ><a href='https:\/\/dirisukilisesi.org\/index.php\/2019\/01\/06\/tanri-yolumuzu-acar\/' title='\u015euraya linkle:  Tanr\u0131 Yolumuzu A\u00e7ar'>Tanr\u0131 Yolumuzu A\u00e7ar<\/a><\/h3><\/header><\/div><footer class=\"entry-footer\"><\/footer><\/article><article class='av-magazine-entry av-magazine-entry-id-6183 av-magazine-format-standard av-magazine-type-post av-magazine-entry-46 av-magazine-entry-small '  itemscope=\"itemscope\" itemtype=\"https:\/\/schema.org\/CreativeWork\" ><div class=\"av-magazine-thumbnail\"><a href='https:\/\/dirisukilisesi.org\/index.php\/2018\/12\/30\/tanrinin-bize-cagrisi\/' title='\u015euraya linkle:  Tanr\u0131&#8217;n\u0131n Bize \u00c7a\u011fr\u0131s\u0131' class='av-magazine-thumbnail-link'><img decoding=\"async\" width=\"80\" height=\"80\" src=\"https:\/\/dirisukilisesi.org\/wp-content\/uploads\/2018\/12\/AlperVaaz36-150x150.jpg\" class=\"wp-image-6186 avia-img-lazy-loading-not-6186 attachment-thumbnail size-thumbnail wp-post-image\" alt=\"\" srcset=\"https:\/\/dirisukilisesi.org\/wp-content\/uploads\/2018\/12\/AlperVaaz36-150x150.jpg 150w, https:\/\/dirisukilisesi.org\/wp-content\/uploads\/2018\/12\/AlperVaaz36-36x36.jpg 36w, https:\/\/dirisukilisesi.org\/wp-content\/uploads\/2018\/12\/AlperVaaz36-180x180.jpg 180w, https:\/\/dirisukilisesi.org\/wp-content\/uploads\/2018\/12\/AlperVaaz36-120x120.jpg 120w\" sizes=\"(max-width: 80px) 100vw, 80px\" \/><\/a><\/div><div class=\"av-magazine-content-wrap\"><header class=\"entry-content-header\"><time class='av-magazine-time updated'  itemprop=\"datePublished\" datetime=\"2018-12-30T11:10:03+03:00\" >30 Aral\u0131k 2018<\/time><h3 class='av-magazine-title entry-title '  itemprop=\"headline\" ><a href='https:\/\/dirisukilisesi.org\/index.php\/2018\/12\/30\/tanrinin-bize-cagrisi\/' title='\u015euraya linkle:  Tanr\u0131&#8217;n\u0131n Bize \u00c7a\u011fr\u0131s\u0131'>Tanr\u0131&#8217;n\u0131n Bize \u00c7a\u011fr\u0131s\u0131<\/a><\/h3><\/header><\/div><footer class=\"entry-footer\"><\/footer><\/article><article class='av-magazine-entry av-magazine-entry-id-6174 av-magazine-format-standard av-magazine-type-post av-magazine-entry-47 av-magazine-entry-small '  itemscope=\"itemscope\" itemtype=\"https:\/\/schema.org\/CreativeWork\" ><div class=\"av-magazine-thumbnail\"><a href='https:\/\/dirisukilisesi.org\/index.php\/2018\/12\/23\/soz-beden-oldu\/' title='\u015euraya linkle:  S\u00f6z Beden Oldu' class='av-magazine-thumbnail-link'><img decoding=\"async\" width=\"80\" height=\"80\" src=\"https:\/\/dirisukilisesi.org\/wp-content\/uploads\/2019\/01\/AdemVaaz38-150x150.jpg\" class=\"wp-image-6178 avia-img-lazy-loading-not-6178 attachment-thumbnail size-thumbnail wp-post-image\" alt=\"\" srcset=\"https:\/\/dirisukilisesi.org\/wp-content\/uploads\/2019\/01\/AdemVaaz38-150x150.jpg 150w, https:\/\/dirisukilisesi.org\/wp-content\/uploads\/2019\/01\/AdemVaaz38-36x36.jpg 36w, https:\/\/dirisukilisesi.org\/wp-content\/uploads\/2019\/01\/AdemVaaz38-180x180.jpg 180w, https:\/\/dirisukilisesi.org\/wp-content\/uploads\/2019\/01\/AdemVaaz38-120x120.jpg 120w\" sizes=\"(max-width: 80px) 100vw, 80px\" \/><\/a><\/div><div class=\"av-magazine-content-wrap\"><header class=\"entry-content-header\"><time class='av-magazine-time updated'  itemprop=\"datePublished\" datetime=\"2018-12-23T10:57:15+03:00\" >23 Aral\u0131k 2018<\/time><h3 class='av-magazine-title entry-title '  itemprop=\"headline\" ><a href='https:\/\/dirisukilisesi.org\/index.php\/2018\/12\/23\/soz-beden-oldu\/' title='\u015euraya linkle:  S\u00f6z Beden Oldu'>S\u00f6z Beden Oldu<\/a><\/h3><\/header><\/div><footer class=\"entry-footer\"><\/footer><\/article><article class='av-magazine-entry av-magazine-entry-id-6179 av-magazine-format-standard av-magazine-type-post av-magazine-entry-48 av-magazine-entry-small '  itemscope=\"itemscope\" itemtype=\"https:\/\/schema.org\/CreativeWork\" ><div class=\"av-magazine-thumbnail\"><a href='https:\/\/dirisukilisesi.org\/index.php\/2018\/12\/16\/kutsal-ruhun-kanunu\/' title='\u015euraya linkle:  Kutsal Ruh&#8217;un Kanunu' class='av-magazine-thumbnail-link'><img decoding=\"async\" width=\"80\" height=\"80\" src=\"https:\/\/dirisukilisesi.org\/wp-content\/uploads\/2018\/11\/Bedri-150x150.jpg\" class=\"wp-image-6008 avia-img-lazy-loading-not-6008 attachment-thumbnail size-thumbnail wp-post-image\" alt=\"\" srcset=\"https:\/\/dirisukilisesi.org\/wp-content\/uploads\/2018\/11\/Bedri-150x150.jpg 150w, https:\/\/dirisukilisesi.org\/wp-content\/uploads\/2018\/11\/Bedri-36x36.jpg 36w, https:\/\/dirisukilisesi.org\/wp-content\/uploads\/2018\/11\/Bedri-180x180.jpg 180w, https:\/\/dirisukilisesi.org\/wp-content\/uploads\/2018\/11\/Bedri-120x120.jpg 120w\" sizes=\"(max-width: 80px) 100vw, 80px\" \/><\/a><\/div><div class=\"av-magazine-content-wrap\"><header class=\"entry-content-header\"><time class='av-magazine-time updated'  itemprop=\"datePublished\" datetime=\"2018-12-16T11:06:43+03:00\" >16 Aral\u0131k 2018<\/time><h3 class='av-magazine-title entry-title '  itemprop=\"headline\" ><a href='https:\/\/dirisukilisesi.org\/index.php\/2018\/12\/16\/kutsal-ruhun-kanunu\/' title='\u015euraya linkle:  Kutsal Ruh&#8217;un Kanunu'>Kutsal Ruh&#8217;un Kanunu<\/a><\/h3><\/header><\/div><footer class=\"entry-footer\"><\/footer><\/article><article class='av-magazine-entry av-magazine-entry-id-6161 av-magazine-format-standard av-magazine-type-post av-magazine-entry-49 av-magazine-entry-small '  itemscope=\"itemscope\" itemtype=\"https:\/\/schema.org\/CreativeWork\" ><div class=\"av-magazine-thumbnail\"><a href='https:\/\/dirisukilisesi.org\/index.php\/2018\/11\/25\/gercek-mutluluk\/' title='\u015euraya linkle:  Ger\u00e7ek Mutluluk' class='av-magazine-thumbnail-link'><img decoding=\"async\" width=\"80\" height=\"80\" src=\"https:\/\/dirisukilisesi.org\/wp-content\/uploads\/2018\/12\/HasanVaaz22-150x150.jpg\" class=\"wp-image-6165 avia-img-lazy-loading-not-6165 attachment-thumbnail size-thumbnail wp-post-image\" alt=\"\" srcset=\"https:\/\/dirisukilisesi.org\/wp-content\/uploads\/2018\/12\/HasanVaaz22-150x150.jpg 150w, https:\/\/dirisukilisesi.org\/wp-content\/uploads\/2018\/12\/HasanVaaz22-36x36.jpg 36w, https:\/\/dirisukilisesi.org\/wp-content\/uploads\/2018\/12\/HasanVaaz22-180x180.jpg 180w, https:\/\/dirisukilisesi.org\/wp-content\/uploads\/2018\/12\/HasanVaaz22-120x120.jpg 120w\" sizes=\"(max-width: 80px) 100vw, 80px\" \/><\/a><\/div><div class=\"av-magazine-content-wrap\"><header class=\"entry-content-header\"><time class='av-magazine-time updated'  itemprop=\"datePublished\" datetime=\"2018-11-25T02:36:30+03:00\" >25 Kas\u0131m 2018<\/time><h3 class='av-magazine-title entry-title '  itemprop=\"headline\" ><a href='https:\/\/dirisukilisesi.org\/index.php\/2018\/11\/25\/gercek-mutluluk\/' title='\u015euraya linkle:  Ger\u00e7ek Mutluluk'>Ger\u00e7ek Mutluluk<\/a><\/h3><\/header><\/div><footer class=\"entry-footer\"><\/footer><\/article><article class='av-magazine-entry av-magazine-entry-id-5979 av-magazine-format-standard av-magazine-type-post av-magazine-entry-50 av-magazine-entry-small '  itemscope=\"itemscope\" itemtype=\"https:\/\/schema.org\/CreativeWork\" ><div class=\"av-magazine-thumbnail\"><a href='https:\/\/dirisukilisesi.org\/index.php\/2018\/11\/23\/taklit-bir-isa\/' title='\u015euraya linkle:  Taklit Bir \u0130sa' class='av-magazine-thumbnail-link'><img decoding=\"async\" width=\"80\" height=\"80\" src=\"https:\/\/dirisukilisesi.org\/wp-content\/uploads\/2018\/11\/AlperVaaz35-150x150.jpg\" class=\"wp-image-5986 avia-img-lazy-loading-not-5986 attachment-thumbnail size-thumbnail wp-post-image\" alt=\"\" srcset=\"https:\/\/dirisukilisesi.org\/wp-content\/uploads\/2018\/11\/AlperVaaz35-150x150.jpg 150w, https:\/\/dirisukilisesi.org\/wp-content\/uploads\/2018\/11\/AlperVaaz35-36x36.jpg 36w, https:\/\/dirisukilisesi.org\/wp-content\/uploads\/2018\/11\/AlperVaaz35-180x180.jpg 180w, https:\/\/dirisukilisesi.org\/wp-content\/uploads\/2018\/11\/AlperVaaz35-120x120.jpg 120w\" sizes=\"(max-width: 80px) 100vw, 80px\" \/><\/a><\/div><div class=\"av-magazine-content-wrap\"><header class=\"entry-content-header\"><time class='av-magazine-time updated'  itemprop=\"datePublished\" datetime=\"2018-11-23T07:43:06+03:00\" >23 Kas\u0131m 2018<\/time><h3 class='av-magazine-title entry-title '  itemprop=\"headline\" ><a href='https:\/\/dirisukilisesi.org\/index.php\/2018\/11\/23\/taklit-bir-isa\/' title='\u015euraya linkle:  Taklit Bir \u0130sa'>Taklit Bir \u0130sa<\/a><\/h3><\/header><\/div><footer class=\"entry-footer\"><\/footer><\/article><article class='av-magazine-entry av-magazine-entry-id-5878 av-magazine-format-standard av-magazine-type-post av-magazine-entry-51 av-magazine-entry-small '  itemscope=\"itemscope\" itemtype=\"https:\/\/schema.org\/CreativeWork\" ><div class=\"av-magazine-thumbnail\"><a href='https:\/\/dirisukilisesi.org\/index.php\/2018\/11\/04\/yasam-suyu-ve-ekmegi\/' title='\u015euraya linkle:  Ya\u015fam Suyu Ve Ekme\u011fi' class='av-magazine-thumbnail-link'><img decoding=\"async\" width=\"80\" height=\"80\" src=\"https:\/\/dirisukilisesi.org\/wp-content\/uploads\/2018\/11\/CucanVaaz24-150x150.jpg\" class=\"wp-image-5884 avia-img-lazy-loading-not-5884 attachment-thumbnail size-thumbnail wp-post-image\" alt=\"\" srcset=\"https:\/\/dirisukilisesi.org\/wp-content\/uploads\/2018\/11\/CucanVaaz24-150x150.jpg 150w, https:\/\/dirisukilisesi.org\/wp-content\/uploads\/2018\/11\/CucanVaaz24-36x36.jpg 36w, https:\/\/dirisukilisesi.org\/wp-content\/uploads\/2018\/11\/CucanVaaz24-180x180.jpg 180w, https:\/\/dirisukilisesi.org\/wp-content\/uploads\/2018\/11\/CucanVaaz24-120x120.jpg 120w\" sizes=\"(max-width: 80px) 100vw, 80px\" \/><\/a><\/div><div class=\"av-magazine-content-wrap\"><header class=\"entry-content-header\"><time class='av-magazine-time updated'  itemprop=\"datePublished\" datetime=\"2018-11-04T01:07:40+03:00\" >4 Kas\u0131m 2018<\/time><h3 class='av-magazine-title entry-title '  itemprop=\"headline\" ><a href='https:\/\/dirisukilisesi.org\/index.php\/2018\/11\/04\/yasam-suyu-ve-ekmegi\/' title='\u015euraya linkle:  Ya\u015fam Suyu Ve Ekme\u011fi'>Ya\u015fam Suyu Ve Ekme\u011fi<\/a><\/h3><\/header><\/div><footer class=\"entry-footer\"><\/footer><\/article><article class='av-magazine-entry av-magazine-entry-id-5700 av-magazine-format-standard av-magazine-type-post av-magazine-entry-52 av-magazine-entry-small '  itemscope=\"itemscope\" itemtype=\"https:\/\/schema.org\/CreativeWork\" ><div class=\"av-magazine-thumbnail\"><a href='https:\/\/dirisukilisesi.org\/index.php\/2018\/10\/21\/kutsal-ruh-ile-yasamaliyiz\/' title='\u015euraya linkle:  Kutsal Ruh \u0130le Ya\u015famal\u0131y\u0131z' class='av-magazine-thumbnail-link'><img decoding=\"async\" width=\"80\" height=\"80\" src=\"https:\/\/dirisukilisesi.org\/wp-content\/uploads\/2018\/10\/BedriVaaz54-150x150.jpg\" class=\"wp-image-5705 avia-img-lazy-loading-not-5705 attachment-thumbnail size-thumbnail wp-post-image\" alt=\"\" srcset=\"https:\/\/dirisukilisesi.org\/wp-content\/uploads\/2018\/10\/BedriVaaz54-150x150.jpg 150w, https:\/\/dirisukilisesi.org\/wp-content\/uploads\/2018\/10\/BedriVaaz54-36x36.jpg 36w, https:\/\/dirisukilisesi.org\/wp-content\/uploads\/2018\/10\/BedriVaaz54-180x180.jpg 180w, https:\/\/dirisukilisesi.org\/wp-content\/uploads\/2018\/10\/BedriVaaz54-120x120.jpg 120w\" sizes=\"(max-width: 80px) 100vw, 80px\" \/><\/a><\/div><div class=\"av-magazine-content-wrap\"><header class=\"entry-content-header\"><time class='av-magazine-time updated'  itemprop=\"datePublished\" datetime=\"2018-10-21T19:30:23+03:00\" >21 Ekim 2018<\/time><h3 class='av-magazine-title entry-title '  itemprop=\"headline\" ><a href='https:\/\/dirisukilisesi.org\/index.php\/2018\/10\/21\/kutsal-ruh-ile-yasamaliyiz\/' title='\u015euraya linkle:  Kutsal Ruh \u0130le Ya\u015famal\u0131y\u0131z'>Kutsal Ruh \u0130le Ya\u015famal\u0131y\u0131z<\/a><\/h3><\/header><\/div><footer class=\"entry-footer\"><\/footer><\/article><article class='av-magazine-entry av-magazine-entry-id-5560 av-magazine-format-standard av-magazine-type-post av-magazine-entry-53 av-magazine-entry-small '  itemscope=\"itemscope\" itemtype=\"https:\/\/schema.org\/CreativeWork\" ><div class=\"av-magazine-thumbnail\"><a href='https:\/\/dirisukilisesi.org\/index.php\/2018\/10\/07\/rabbe-itaat-etmek\/' title='\u015euraya linkle:  Rab&#8217;be \u0130taat Etmek' class='av-magazine-thumbnail-link'><img decoding=\"async\" width=\"80\" height=\"80\" src=\"https:\/\/dirisukilisesi.org\/wp-content\/uploads\/2018\/10\/AdemVaaz37-150x150.jpg\" class=\"wp-image-5563 avia-img-lazy-loading-not-5563 attachment-thumbnail size-thumbnail wp-post-image\" alt=\"\" srcset=\"https:\/\/dirisukilisesi.org\/wp-content\/uploads\/2018\/10\/AdemVaaz37-150x150.jpg 150w, https:\/\/dirisukilisesi.org\/wp-content\/uploads\/2018\/10\/AdemVaaz37-36x36.jpg 36w, https:\/\/dirisukilisesi.org\/wp-content\/uploads\/2018\/10\/AdemVaaz37-180x180.jpg 180w, https:\/\/dirisukilisesi.org\/wp-content\/uploads\/2018\/10\/AdemVaaz37-120x120.jpg 120w\" sizes=\"(max-width: 80px) 100vw, 80px\" \/><\/a><\/div><div class=\"av-magazine-content-wrap\"><header class=\"entry-content-header\"><time class='av-magazine-time updated'  itemprop=\"datePublished\" datetime=\"2018-10-07T21:38:11+03:00\" >7 Ekim 2018<\/time><h3 class='av-magazine-title entry-title '  itemprop=\"headline\" ><a href='https:\/\/dirisukilisesi.org\/index.php\/2018\/10\/07\/rabbe-itaat-etmek\/' title='\u015euraya linkle:  Rab&#8217;be \u0130taat Etmek'>Rab&#8217;be \u0130taat Etmek<\/a><\/h3><\/header><\/div><footer class=\"entry-footer\"><\/footer><\/article><article class='av-magazine-entry av-magazine-entry-id-5556 av-magazine-format-standard av-magazine-type-post av-magazine-entry-54 av-magazine-entry-small '  itemscope=\"itemscope\" itemtype=\"https:\/\/schema.org\/CreativeWork\" ><div class=\"av-magazine-thumbnail\"><a href='https:\/\/dirisukilisesi.org\/index.php\/2018\/09\/30\/birligin-onemi\/' title='\u015euraya linkle:  Birli\u011fin \u00d6nemi' class='av-magazine-thumbnail-link'><img decoding=\"async\" width=\"80\" height=\"80\" src=\"https:\/\/dirisukilisesi.org\/wp-content\/uploads\/2018\/09\/BedriVaaz53-150x150.jpg\" class=\"wp-image-5559 avia-img-lazy-loading-not-5559 attachment-thumbnail size-thumbnail wp-post-image\" alt=\"\" srcset=\"https:\/\/dirisukilisesi.org\/wp-content\/uploads\/2018\/09\/BedriVaaz53-150x150.jpg 150w, https:\/\/dirisukilisesi.org\/wp-content\/uploads\/2018\/09\/BedriVaaz53-36x36.jpg 36w, https:\/\/dirisukilisesi.org\/wp-content\/uploads\/2018\/09\/BedriVaaz53-180x180.jpg 180w, https:\/\/dirisukilisesi.org\/wp-content\/uploads\/2018\/09\/BedriVaaz53-120x120.jpg 120w\" sizes=\"(max-width: 80px) 100vw, 80px\" \/><\/a><\/div><div class=\"av-magazine-content-wrap\"><header class=\"entry-content-header\"><time class='av-magazine-time updated'  itemprop=\"datePublished\" datetime=\"2018-09-30T21:33:12+03:00\" >30 Eyl\u00fcl 2018<\/time><h3 class='av-magazine-title entry-title '  itemprop=\"headline\" ><a href='https:\/\/dirisukilisesi.org\/index.php\/2018\/09\/30\/birligin-onemi\/' title='\u015euraya linkle:  Birli\u011fin \u00d6nemi'>Birli\u011fin \u00d6nemi<\/a><\/h3><\/header><\/div><footer class=\"entry-footer\"><\/footer><\/article><article class='av-magazine-entry av-magazine-entry-id-5549 av-magazine-format-standard av-magazine-type-post av-magazine-entry-55 av-magazine-entry-small '  itemscope=\"itemscope\" itemtype=\"https:\/\/schema.org\/CreativeWork\" ><div class=\"av-magazine-thumbnail\"><a href='https:\/\/dirisukilisesi.org\/index.php\/2018\/09\/23\/tanri-kibirlilere-karsi-durur\/' title='\u015euraya linkle:  Tanr\u0131 Kibirlilere Kar\u015f\u0131 Durur' class='av-magazine-thumbnail-link'><img decoding=\"async\" width=\"80\" height=\"80\" src=\"https:\/\/dirisukilisesi.org\/wp-content\/uploads\/2018\/09\/AlperVaaz34-150x150.jpg\" class=\"wp-image-5552 avia-img-lazy-loading-not-5552 attachment-thumbnail size-thumbnail wp-post-image\" alt=\"\" srcset=\"https:\/\/dirisukilisesi.org\/wp-content\/uploads\/2018\/09\/AlperVaaz34-150x150.jpg 150w, https:\/\/dirisukilisesi.org\/wp-content\/uploads\/2018\/09\/AlperVaaz34-36x36.jpg 36w, https:\/\/dirisukilisesi.org\/wp-content\/uploads\/2018\/09\/AlperVaaz34-180x180.jpg 180w, https:\/\/dirisukilisesi.org\/wp-content\/uploads\/2018\/09\/AlperVaaz34-120x120.jpg 120w\" sizes=\"(max-width: 80px) 100vw, 80px\" \/><\/a><\/div><div class=\"av-magazine-content-wrap\"><header class=\"entry-content-header\"><time class='av-magazine-time updated'  itemprop=\"datePublished\" datetime=\"2018-09-23T21:24:13+03:00\" >23 Eyl\u00fcl 2018<\/time><h3 class='av-magazine-title entry-title '  itemprop=\"headline\" ><a href='https:\/\/dirisukilisesi.org\/index.php\/2018\/09\/23\/tanri-kibirlilere-karsi-durur\/' title='\u015euraya linkle:  Tanr\u0131 Kibirlilere Kar\u015f\u0131 Durur'>Tanr\u0131 Kibirlilere Kar\u015f\u0131 Durur<\/a><\/h3><\/header><\/div><footer class=\"entry-footer\"><\/footer><\/article><article class='av-magazine-entry av-magazine-entry-id-5545 av-magazine-format-standard av-magazine-type-post av-magazine-entry-56 av-magazine-entry-small '  itemscope=\"itemscope\" itemtype=\"https:\/\/schema.org\/CreativeWork\" ><div class=\"av-magazine-thumbnail\"><a href='https:\/\/dirisukilisesi.org\/index.php\/2018\/09\/16\/isa-kurtulusumuzu-sagladi\/' title='\u015euraya linkle:  \u0130sa Kurtulu\u015fumuzu Sa\u011flad\u0131' class='av-magazine-thumbnail-link'><img decoding=\"async\" width=\"80\" height=\"80\" src=\"https:\/\/dirisukilisesi.org\/wp-content\/uploads\/2018\/09\/AdemVaaz37-150x150.jpg\" class=\"wp-image-5548 avia-img-lazy-loading-not-5548 attachment-thumbnail size-thumbnail wp-post-image\" alt=\"\" srcset=\"https:\/\/dirisukilisesi.org\/wp-content\/uploads\/2018\/09\/AdemVaaz37-150x150.jpg 150w, https:\/\/dirisukilisesi.org\/wp-content\/uploads\/2018\/09\/AdemVaaz37-36x36.jpg 36w, https:\/\/dirisukilisesi.org\/wp-content\/uploads\/2018\/09\/AdemVaaz37-180x180.jpg 180w, https:\/\/dirisukilisesi.org\/wp-content\/uploads\/2018\/09\/AdemVaaz37-120x120.jpg 120w\" sizes=\"(max-width: 80px) 100vw, 80px\" \/><\/a><\/div><div class=\"av-magazine-content-wrap\"><header class=\"entry-content-header\"><time class='av-magazine-time updated'  itemprop=\"datePublished\" datetime=\"2018-09-16T21:15:24+03:00\" >16 Eyl\u00fcl 2018<\/time><h3 class='av-magazine-title entry-title '  itemprop=\"headline\" ><a href='https:\/\/dirisukilisesi.org\/index.php\/2018\/09\/16\/isa-kurtulusumuzu-sagladi\/' title='\u015euraya linkle:  \u0130sa Kurtulu\u015fumuzu Sa\u011flad\u0131'>\u0130sa Kurtulu\u015fumuzu Sa\u011flad\u0131<\/a><\/h3><\/header><\/div><footer class=\"entry-footer\"><\/footer><\/article><article class='av-magazine-entry av-magazine-entry-id-5541 av-magazine-format-standard av-magazine-type-post av-magazine-entry-57 av-magazine-entry-small '  itemscope=\"itemscope\" itemtype=\"https:\/\/schema.org\/CreativeWork\" ><div class=\"av-magazine-thumbnail\"><a href='https:\/\/dirisukilisesi.org\/index.php\/2018\/09\/09\/mesihte-sevincte-yasamak\/' title='\u015euraya linkle:  Mesih&#8217;te Sevin\u00e7te Ya\u015famak' class='av-magazine-thumbnail-link'><img decoding=\"async\" width=\"80\" height=\"80\" src=\"https:\/\/dirisukilisesi.org\/wp-content\/uploads\/2018\/09\/CucanVaaz23-150x150.jpg\" class=\"wp-image-5544 avia-img-lazy-loading-not-5544 attachment-thumbnail size-thumbnail wp-post-image\" alt=\"\" srcset=\"https:\/\/dirisukilisesi.org\/wp-content\/uploads\/2018\/09\/CucanVaaz23-150x150.jpg 150w, https:\/\/dirisukilisesi.org\/wp-content\/uploads\/2018\/09\/CucanVaaz23-36x36.jpg 36w, https:\/\/dirisukilisesi.org\/wp-content\/uploads\/2018\/09\/CucanVaaz23-180x180.jpg 180w, https:\/\/dirisukilisesi.org\/wp-content\/uploads\/2018\/09\/CucanVaaz23-120x120.jpg 120w\" sizes=\"(max-width: 80px) 100vw, 80px\" \/><\/a><\/div><div class=\"av-magazine-content-wrap\"><header class=\"entry-content-header\"><time class='av-magazine-time updated'  itemprop=\"datePublished\" datetime=\"2018-09-09T21:01:27+03:00\" >9 Eyl\u00fcl 2018<\/time><h3 class='av-magazine-title entry-title '  itemprop=\"headline\" ><a href='https:\/\/dirisukilisesi.org\/index.php\/2018\/09\/09\/mesihte-sevincte-yasamak\/' title='\u015euraya linkle:  Mesih&#8217;te Sevin\u00e7te Ya\u015famak'>Mesih&#8217;te Sevin\u00e7te Ya\u015famak<\/a><\/h3><\/header><\/div><footer class=\"entry-footer\"><\/footer><\/article><article class='av-magazine-entry av-magazine-entry-id-5536 av-magazine-format-standard av-magazine-type-post av-magazine-entry-58 av-magazine-entry-small '  itemscope=\"itemscope\" itemtype=\"https:\/\/schema.org\/CreativeWork\" ><div class=\"av-magazine-thumbnail\"><a href='https:\/\/dirisukilisesi.org\/index.php\/2018\/09\/02\/02-09-2018\/' title='\u015euraya linkle:  Mesih&#8217;te K\u00f6klenmek' class='av-magazine-thumbnail-link'><img decoding=\"async\" width=\"80\" height=\"80\" src=\"https:\/\/dirisukilisesi.org\/wp-content\/uploads\/2018\/09\/HasanVaaz21-150x150.jpg\" class=\"wp-image-5539 avia-img-lazy-loading-not-5539 attachment-thumbnail size-thumbnail wp-post-image\" alt=\"\" srcset=\"https:\/\/dirisukilisesi.org\/wp-content\/uploads\/2018\/09\/HasanVaaz21-150x150.jpg 150w, https:\/\/dirisukilisesi.org\/wp-content\/uploads\/2018\/09\/HasanVaaz21-36x36.jpg 36w, https:\/\/dirisukilisesi.org\/wp-content\/uploads\/2018\/09\/HasanVaaz21-180x180.jpg 180w, https:\/\/dirisukilisesi.org\/wp-content\/uploads\/2018\/09\/HasanVaaz21-120x120.jpg 120w\" sizes=\"(max-width: 80px) 100vw, 80px\" \/><\/a><\/div><div class=\"av-magazine-content-wrap\"><header class=\"entry-content-header\"><time class='av-magazine-time updated'  itemprop=\"datePublished\" datetime=\"2018-09-02T20:55:00+03:00\" >2 Eyl\u00fcl 2018<\/time><h3 class='av-magazine-title entry-title '  itemprop=\"headline\" ><a href='https:\/\/dirisukilisesi.org\/index.php\/2018\/09\/02\/02-09-2018\/' title='\u015euraya linkle:  Mesih&#8217;te K\u00f6klenmek'>Mesih&#8217;te K\u00f6klenmek<\/a><\/h3><\/header><\/div><footer class=\"entry-footer\"><\/footer><\/article><article class='av-magazine-entry av-magazine-entry-id-5281 av-magazine-format-standard av-magazine-type-post av-magazine-entry-59 av-magazine-entry-small '  itemscope=\"itemscope\" itemtype=\"https:\/\/schema.org\/CreativeWork\" ><div class=\"av-magazine-thumbnail\"><a href='https:\/\/dirisukilisesi.org\/index.php\/2018\/08\/12\/kutsal-ruhun-isleri\/' title='\u015euraya linkle:  Kutsal Ruh&#8217;un \u0130\u015fleri' class='av-magazine-thumbnail-link'><img decoding=\"async\" width=\"80\" height=\"80\" src=\"https:\/\/dirisukilisesi.org\/wp-content\/uploads\/2018\/08\/NuhVaaz02-150x150.jpg\" class=\"wp-image-5383 avia-img-lazy-loading-not-5383 attachment-thumbnail size-thumbnail wp-post-image\" alt=\"\" srcset=\"https:\/\/dirisukilisesi.org\/wp-content\/uploads\/2018\/08\/NuhVaaz02-150x150.jpg 150w, https:\/\/dirisukilisesi.org\/wp-content\/uploads\/2018\/08\/NuhVaaz02-36x36.jpg 36w, https:\/\/dirisukilisesi.org\/wp-content\/uploads\/2018\/08\/NuhVaaz02-180x180.jpg 180w, https:\/\/dirisukilisesi.org\/wp-content\/uploads\/2018\/08\/NuhVaaz02-120x120.jpg 120w\" sizes=\"(max-width: 80px) 100vw, 80px\" \/><\/a><\/div><div class=\"av-magazine-content-wrap\"><header class=\"entry-content-header\"><time class='av-magazine-time updated'  itemprop=\"datePublished\" datetime=\"2018-08-12T03:20:52+03:00\" >12 A\u011fustos 2018<\/time><h3 class='av-magazine-title entry-title '  itemprop=\"headline\" ><a href='https:\/\/dirisukilisesi.org\/index.php\/2018\/08\/12\/kutsal-ruhun-isleri\/' title='\u015euraya linkle:  Kutsal Ruh&#8217;un \u0130\u015fleri'>Kutsal Ruh&#8217;un \u0130\u015fleri<\/a><\/h3><\/header><\/div><footer class=\"entry-footer\"><\/footer><\/article><article class='av-magazine-entry av-magazine-entry-id-5418 av-magazine-format-standard av-magazine-type-post av-magazine-entry-60 av-magazine-entry-small '  itemscope=\"itemscope\" itemtype=\"https:\/\/schema.org\/CreativeWork\" ><div class=\"av-magazine-thumbnail\"><a href='https:\/\/dirisukilisesi.org\/index.php\/2018\/07\/29\/29-07-2018\/' title='\u015euraya linkle:  29.07.2018' class='av-magazine-thumbnail-link'><img decoding=\"async\" width=\"80\" height=\"80\" src=\"https:\/\/dirisukilisesi.org\/wp-content\/uploads\/2018\/07\/AlperVaaz32-150x150.jpg\" class=\"wp-image-5424 avia-img-lazy-loading-not-5424 attachment-thumbnail size-thumbnail wp-post-image\" alt=\"\" srcset=\"https:\/\/dirisukilisesi.org\/wp-content\/uploads\/2018\/07\/AlperVaaz32-150x150.jpg 150w, https:\/\/dirisukilisesi.org\/wp-content\/uploads\/2018\/07\/AlperVaaz32-36x36.jpg 36w, https:\/\/dirisukilisesi.org\/wp-content\/uploads\/2018\/07\/AlperVaaz32-180x180.jpg 180w, https:\/\/dirisukilisesi.org\/wp-content\/uploads\/2018\/07\/AlperVaaz32-120x120.jpg 120w\" sizes=\"(max-width: 80px) 100vw, 80px\" \/><\/a><\/div><div class=\"av-magazine-content-wrap\"><header class=\"entry-content-header\"><time class='av-magazine-time updated'  itemprop=\"datePublished\" datetime=\"2018-07-29T16:52:50+03:00\" >29 Temmuz 2018<\/time><h3 class='av-magazine-title entry-title '  itemprop=\"headline\" ><a href='https:\/\/dirisukilisesi.org\/index.php\/2018\/07\/29\/29-07-2018\/' title='\u015euraya linkle:  29.07.2018'>29.07.2018<\/a><\/h3><\/header><\/div><footer class=\"entry-footer\"><\/footer><\/article><article class='av-magazine-entry av-magazine-entry-id-5452 av-magazine-format-standard av-magazine-type-post av-magazine-entry-61 av-magazine-entry-small '  itemscope=\"itemscope\" itemtype=\"https:\/\/schema.org\/CreativeWork\" ><div class=\"av-magazine-thumbnail\"><a href='https:\/\/dirisukilisesi.org\/index.php\/2018\/07\/15\/15-07-2018\/' title='\u015euraya linkle:  15.07.2018' class='av-magazine-thumbnail-link'><img decoding=\"async\" width=\"80\" height=\"80\" src=\"https:\/\/dirisukilisesi.org\/wp-content\/uploads\/2018\/07\/AdemVaaz34-150x150.jpg\" class=\"wp-image-5455 avia-img-lazy-loading-not-5455 attachment-thumbnail size-thumbnail wp-post-image\" alt=\"\" srcset=\"https:\/\/dirisukilisesi.org\/wp-content\/uploads\/2018\/07\/AdemVaaz34-150x150.jpg 150w, https:\/\/dirisukilisesi.org\/wp-content\/uploads\/2018\/07\/AdemVaaz34-36x36.jpg 36w, https:\/\/dirisukilisesi.org\/wp-content\/uploads\/2018\/07\/AdemVaaz34-180x180.jpg 180w, https:\/\/dirisukilisesi.org\/wp-content\/uploads\/2018\/07\/AdemVaaz34-120x120.jpg 120w\" sizes=\"(max-width: 80px) 100vw, 80px\" \/><\/a><\/div><div class=\"av-magazine-content-wrap\"><header class=\"entry-content-header\"><time class='av-magazine-time updated'  itemprop=\"datePublished\" datetime=\"2018-07-15T23:09:46+03:00\" >15 Temmuz 2018<\/time><h3 class='av-magazine-title entry-title '  itemprop=\"headline\" ><a href='https:\/\/dirisukilisesi.org\/index.php\/2018\/07\/15\/15-07-2018\/' title='\u015euraya linkle:  15.07.2018'>15.07.2018<\/a><\/h3><\/header><\/div><footer class=\"entry-footer\"><\/footer><\/article><article class='av-magazine-entry av-magazine-entry-id-5456 av-magazine-format-standard av-magazine-type-post av-magazine-entry-62 av-magazine-entry-small '  itemscope=\"itemscope\" itemtype=\"https:\/\/schema.org\/CreativeWork\" ><div class=\"av-magazine-thumbnail\"><a href='https:\/\/dirisukilisesi.org\/index.php\/2018\/07\/09\/09-07-2018\/' title='\u015euraya linkle:  09.07.2018' class='av-magazine-thumbnail-link'><img decoding=\"async\" width=\"80\" height=\"80\" src=\"https:\/\/dirisukilisesi.org\/wp-content\/uploads\/2018\/07\/BedriVaaz51-150x150.jpg\" class=\"wp-image-5459 avia-img-lazy-loading-not-5459 attachment-thumbnail size-thumbnail wp-post-image\" alt=\"\" srcset=\"https:\/\/dirisukilisesi.org\/wp-content\/uploads\/2018\/07\/BedriVaaz51-150x150.jpg 150w, https:\/\/dirisukilisesi.org\/wp-content\/uploads\/2018\/07\/BedriVaaz51-36x36.jpg 36w, https:\/\/dirisukilisesi.org\/wp-content\/uploads\/2018\/07\/BedriVaaz51-180x180.jpg 180w, https:\/\/dirisukilisesi.org\/wp-content\/uploads\/2018\/07\/BedriVaaz51-120x120.jpg 120w\" sizes=\"(max-width: 80px) 100vw, 80px\" \/><\/a><\/div><div class=\"av-magazine-content-wrap\"><header class=\"entry-content-header\"><time class='av-magazine-time updated'  itemprop=\"datePublished\" datetime=\"2018-07-09T00:01:17+03:00\" >9 Temmuz 2018<\/time><h3 class='av-magazine-title entry-title '  itemprop=\"headline\" ><a href='https:\/\/dirisukilisesi.org\/index.php\/2018\/07\/09\/09-07-2018\/' title='\u015euraya linkle:  09.07.2018'>09.07.2018<\/a><\/h3><\/header><\/div><footer class=\"entry-footer\"><\/footer><\/article><article class='av-magazine-entry av-magazine-entry-id-5460 av-magazine-format-standard av-magazine-type-post av-magazine-entry-63 av-magazine-entry-small '  itemscope=\"itemscope\" itemtype=\"https:\/\/schema.org\/CreativeWork\" ><div class=\"av-magazine-thumbnail\"><a href='https:\/\/dirisukilisesi.org\/index.php\/2018\/06\/17\/17-06-2018\/' title='\u015euraya linkle:  17.06.2018' class='av-magazine-thumbnail-link'><img decoding=\"async\" width=\"80\" height=\"80\" src=\"https:\/\/dirisukilisesi.org\/wp-content\/uploads\/2018\/06\/AlperVaaz33-150x150.jpg\" class=\"wp-image-5463 avia-img-lazy-loading-not-5463 attachment-thumbnail size-thumbnail wp-post-image\" alt=\"\" srcset=\"https:\/\/dirisukilisesi.org\/wp-content\/uploads\/2018\/06\/AlperVaaz33-150x150.jpg 150w, https:\/\/dirisukilisesi.org\/wp-content\/uploads\/2018\/06\/AlperVaaz33-36x36.jpg 36w, https:\/\/dirisukilisesi.org\/wp-content\/uploads\/2018\/06\/AlperVaaz33-180x180.jpg 180w, https:\/\/dirisukilisesi.org\/wp-content\/uploads\/2018\/06\/AlperVaaz33-120x120.jpg 120w\" sizes=\"(max-width: 80px) 100vw, 80px\" \/><\/a><\/div><div class=\"av-magazine-content-wrap\"><header class=\"entry-content-header\"><time class='av-magazine-time updated'  itemprop=\"datePublished\" datetime=\"2018-06-17T00:10:23+03:00\" >17 Haziran 2018<\/time><h3 class='av-magazine-title entry-title '  itemprop=\"headline\" ><a href='https:\/\/dirisukilisesi.org\/index.php\/2018\/06\/17\/17-06-2018\/' title='\u015euraya linkle:  17.06.2018'>17.06.2018<\/a><\/h3><\/header><\/div><footer class=\"entry-footer\"><\/footer><\/article><article class='av-magazine-entry av-magazine-entry-id-5464 av-magazine-format-standard av-magazine-type-post av-magazine-entry-64 av-magazine-entry-small '  itemscope=\"itemscope\" itemtype=\"https:\/\/schema.org\/CreativeWork\" ><div class=\"av-magazine-thumbnail\"><a href='https:\/\/dirisukilisesi.org\/index.php\/2018\/06\/10\/10-06-2018\/' title='\u015euraya linkle:  10.06.2018' class='av-magazine-thumbnail-link'><img decoding=\"async\" width=\"80\" height=\"80\" src=\"https:\/\/dirisukilisesi.org\/wp-content\/uploads\/2018\/06\/AdemVaaz35-150x150.jpg\" class=\"wp-image-5467 avia-img-lazy-loading-not-5467 attachment-thumbnail size-thumbnail wp-post-image\" alt=\"\" srcset=\"https:\/\/dirisukilisesi.org\/wp-content\/uploads\/2018\/06\/AdemVaaz35-150x150.jpg 150w, https:\/\/dirisukilisesi.org\/wp-content\/uploads\/2018\/06\/AdemVaaz35-36x36.jpg 36w, https:\/\/dirisukilisesi.org\/wp-content\/uploads\/2018\/06\/AdemVaaz35-180x180.jpg 180w, https:\/\/dirisukilisesi.org\/wp-content\/uploads\/2018\/06\/AdemVaaz35-120x120.jpg 120w\" sizes=\"(max-width: 80px) 100vw, 80px\" \/><\/a><\/div><div class=\"av-magazine-content-wrap\"><header class=\"entry-content-header\"><time class='av-magazine-time updated'  itemprop=\"datePublished\" datetime=\"2018-06-10T00:14:37+03:00\" >10 Haziran 2018<\/time><h3 class='av-magazine-title entry-title '  itemprop=\"headline\" ><a href='https:\/\/dirisukilisesi.org\/index.php\/2018\/06\/10\/10-06-2018\/' title='\u015euraya linkle:  10.06.2018'>10.06.2018<\/a><\/h3><\/header><\/div><footer class=\"entry-footer\"><\/footer><\/article><article class='av-magazine-entry av-magazine-entry-id-5472 av-magazine-format-standard av-magazine-type-post av-magazine-entry-65 av-magazine-entry-small '  itemscope=\"itemscope\" itemtype=\"https:\/\/schema.org\/CreativeWork\" ><div class=\"av-magazine-thumbnail\"><a href='https:\/\/dirisukilisesi.org\/index.php\/2018\/05\/13\/13-05-2018\/' title='\u015euraya linkle:  13.05.2018' class='av-magazine-thumbnail-link'><img decoding=\"async\" width=\"80\" height=\"80\" src=\"https:\/\/dirisukilisesi.org\/wp-content\/uploads\/2018\/05\/HasanVaaz20-150x150.jpg\" class=\"wp-image-5475 avia-img-lazy-loading-not-5475 attachment-thumbnail size-thumbnail wp-post-image\" alt=\"\" srcset=\"https:\/\/dirisukilisesi.org\/wp-content\/uploads\/2018\/05\/HasanVaaz20-150x150.jpg 150w, https:\/\/dirisukilisesi.org\/wp-content\/uploads\/2018\/05\/HasanVaaz20-36x36.jpg 36w, https:\/\/dirisukilisesi.org\/wp-content\/uploads\/2018\/05\/HasanVaaz20-180x180.jpg 180w, https:\/\/dirisukilisesi.org\/wp-content\/uploads\/2018\/05\/HasanVaaz20-120x120.jpg 120w\" sizes=\"(max-width: 80px) 100vw, 80px\" \/><\/a><\/div><div class=\"av-magazine-content-wrap\"><header class=\"entry-content-header\"><time class='av-magazine-time updated'  itemprop=\"datePublished\" datetime=\"2018-05-13T00:42:52+03:00\" >13 May\u0131s 2018<\/time><h3 class='av-magazine-title entry-title '  itemprop=\"headline\" ><a href='https:\/\/dirisukilisesi.org\/index.php\/2018\/05\/13\/13-05-2018\/' title='\u015euraya linkle:  13.05.2018'>13.05.2018<\/a><\/h3><\/header><\/div><footer class=\"entry-footer\"><\/footer><\/article><article class='av-magazine-entry av-magazine-entry-id-5476 av-magazine-format-standard av-magazine-type-post av-magazine-entry-66 av-magazine-entry-small '  itemscope=\"itemscope\" itemtype=\"https:\/\/schema.org\/CreativeWork\" ><div class=\"av-magazine-thumbnail\"><a href='https:\/\/dirisukilisesi.org\/index.php\/2018\/05\/06\/06-05-2018\/' title='\u015euraya linkle:  06.05.2018' class='av-magazine-thumbnail-link'><img decoding=\"async\" width=\"80\" height=\"80\" src=\"https:\/\/dirisukilisesi.org\/wp-content\/uploads\/2018\/05\/BedriVaaz52-150x150.jpg\" class=\"wp-image-5479 avia-img-lazy-loading-not-5479 attachment-thumbnail size-thumbnail wp-post-image\" alt=\"\" srcset=\"https:\/\/dirisukilisesi.org\/wp-content\/uploads\/2018\/05\/BedriVaaz52-150x150.jpg 150w, https:\/\/dirisukilisesi.org\/wp-content\/uploads\/2018\/05\/BedriVaaz52-36x36.jpg 36w, https:\/\/dirisukilisesi.org\/wp-content\/uploads\/2018\/05\/BedriVaaz52-180x180.jpg 180w, https:\/\/dirisukilisesi.org\/wp-content\/uploads\/2018\/05\/BedriVaaz52-120x120.jpg 120w\" sizes=\"(max-width: 80px) 100vw, 80px\" \/><\/a><\/div><div class=\"av-magazine-content-wrap\"><header class=\"entry-content-header\"><time class='av-magazine-time updated'  itemprop=\"datePublished\" datetime=\"2018-05-06T00:46:11+03:00\" >6 May\u0131s 2018<\/time><h3 class='av-magazine-title entry-title '  itemprop=\"headline\" ><a href='https:\/\/dirisukilisesi.org\/index.php\/2018\/05\/06\/06-05-2018\/' title='\u015euraya linkle:  06.05.2018'>06.05.2018<\/a><\/h3><\/header><\/div><footer class=\"entry-footer\"><\/footer><\/article><article class='av-magazine-entry av-magazine-entry-id-5487 av-magazine-format-standard av-magazine-type-post av-magazine-entry-67 av-magazine-entry-small '  itemscope=\"itemscope\" itemtype=\"https:\/\/schema.org\/CreativeWork\" ><div class=\"av-magazine-thumbnail\"><a href='https:\/\/dirisukilisesi.org\/index.php\/2018\/04\/29\/29-04-2018\/' title='\u015euraya linkle:  29.04.2018' class='av-magazine-thumbnail-link'><img decoding=\"async\" width=\"80\" height=\"80\" src=\"https:\/\/dirisukilisesi.org\/wp-content\/uploads\/2018\/04\/RizaVaaz02-150x150.jpg\" class=\"wp-image-5490 avia-img-lazy-loading-not-5490 attachment-thumbnail size-thumbnail wp-post-image\" alt=\"\" srcset=\"https:\/\/dirisukilisesi.org\/wp-content\/uploads\/2018\/04\/RizaVaaz02-150x150.jpg 150w, https:\/\/dirisukilisesi.org\/wp-content\/uploads\/2018\/04\/RizaVaaz02-36x36.jpg 36w, https:\/\/dirisukilisesi.org\/wp-content\/uploads\/2018\/04\/RizaVaaz02-180x180.jpg 180w, https:\/\/dirisukilisesi.org\/wp-content\/uploads\/2018\/04\/RizaVaaz02-120x120.jpg 120w\" sizes=\"(max-width: 80px) 100vw, 80px\" \/><\/a><\/div><div class=\"av-magazine-content-wrap\"><header class=\"entry-content-header\"><time class='av-magazine-time updated'  itemprop=\"datePublished\" datetime=\"2018-04-29T17:06:33+03:00\" >29 Nisan 2018<\/time><h3 class='av-magazine-title entry-title '  itemprop=\"headline\" ><a href='https:\/\/dirisukilisesi.org\/index.php\/2018\/04\/29\/29-04-2018\/' title='\u015euraya linkle:  29.04.2018'>29.04.2018<\/a><\/h3><\/header><\/div><footer class=\"entry-footer\"><\/footer><\/article><article class='av-magazine-entry av-magazine-entry-id-5491 av-magazine-format-standard av-magazine-type-post av-magazine-entry-68 av-magazine-entry-small '  itemscope=\"itemscope\" itemtype=\"https:\/\/schema.org\/CreativeWork\" ><div class=\"av-magazine-thumbnail\"><a href='https:\/\/dirisukilisesi.org\/index.php\/2018\/04\/22\/22-04-2018\/' title='\u015euraya linkle:  22.04.2018' class='av-magazine-thumbnail-link'><img decoding=\"async\" width=\"80\" height=\"80\" src=\"https:\/\/dirisukilisesi.org\/wp-content\/uploads\/2018\/04\/AdemVaaz36-150x150.jpg\" class=\"wp-image-5494 avia-img-lazy-loading-not-5494 attachment-thumbnail size-thumbnail wp-post-image\" alt=\"\" srcset=\"https:\/\/dirisukilisesi.org\/wp-content\/uploads\/2018\/04\/AdemVaaz36-150x150.jpg 150w, https:\/\/dirisukilisesi.org\/wp-content\/uploads\/2018\/04\/AdemVaaz36-36x36.jpg 36w, https:\/\/dirisukilisesi.org\/wp-content\/uploads\/2018\/04\/AdemVaaz36-180x180.jpg 180w, https:\/\/dirisukilisesi.org\/wp-content\/uploads\/2018\/04\/AdemVaaz36-120x120.jpg 120w\" sizes=\"(max-width: 80px) 100vw, 80px\" \/><\/a><\/div><div class=\"av-magazine-content-wrap\"><header class=\"entry-content-header\"><time class='av-magazine-time updated'  itemprop=\"datePublished\" datetime=\"2018-04-22T17:32:14+03:00\" >22 Nisan 2018<\/time><h3 class='av-magazine-title entry-title '  itemprop=\"headline\" ><a href='https:\/\/dirisukilisesi.org\/index.php\/2018\/04\/22\/22-04-2018\/' title='\u015euraya linkle:  22.04.2018'>22.04.2018<\/a><\/h3><\/header><\/div><footer class=\"entry-footer\"><\/footer><\/article><\/div><\/div>\n","protected":false},"excerpt":{"rendered":"","protected":false},"author":2,"featured_media":0,"parent":0,"menu_order":0,"comment_status":"closed","ping_status":"closed","template":"","meta":{"footnotes":""},"class_list":["post-383","page","type-page","status-publish","hentry"],"_links":{"self":[{"href":"https:\/\/dirisukilisesi.org\/index.php\/wp-json\/wp\/v2\/pages\/383","targetHints":{"allow":["GET"]}}],"collection":[{"href":"https:\/\/dirisukilisesi.org\/index.php\/wp-json\/wp\/v2\/pages"}],"about":[{"href":"https:\/\/dirisukilisesi.org\/index.php\/wp-json\/wp\/v2\/types\/page"}],"author":[{"embeddable":true,"href":"https:\/\/dirisukilisesi.org\/index.php\/wp-json\/wp\/v2\/users\/2"}],"replies":[{"embeddable":true,"href":"https:\/\/dirisukilisesi.org\/index.php\/wp-json\/wp\/v2\/comments?post=383"}],"version-history":[{"count":0,"href":"https:\/\/dirisukilisesi.org\/index.php\/wp-json\/wp\/v2\/pages\/383\/revisions"}],"wp:attachment":[{"href":"https:\/\/dirisukilisesi.org\/index.php\/wp-json\/wp\/v2\/media?parent=383"}],"curies":[{"name":"wp","href":"https:\/\/api.w.org\/{rel}","templated":true}]}}